{"id":40591,"date":"2026-01-21T11:58:52","date_gmt":"2026-01-21T10:58:52","guid":{"rendered":"https:\/\/www.dermerklinger.de\/?post_type=rezept&#038;p=40591"},"modified":"2026-01-21T14:09:47","modified_gmt":"2026-01-21T13:09:47","slug":"geraeucherter-halloumi-im-blaetterteigmantel-auf-wintergemuese","status":"publish","type":"rezept","link":"https:\/\/www.dermerklinger.de\/en\/rezept\/geraeucherter-halloumi-im-blaetterteigmantel-auf-wintergemuese\/","title":{"rendered":"Ger\u00e4ucherter Halloumi im Bl\u00e4tterteigmantel auf Wintergem\u00fcse"},"content":{"rendered":"<p id=\"block-7c328841-b1ab-415e-9893-bff217a8ac82\"><strong>You will need:<\/strong> Fireclay bricks \/ <a href=\"https:\/\/www.dermerklinger.de\/en\/product\/celtic-bowl\/\" data-type=\"product\" data-id=\"32556\">Celtic bowl<\/a><br><strong>Working hours: <\/strong>30 minutes<br><br><br><strong>Preheating: <\/strong>approx. 30 minutes<br><strong>Top heat:<\/strong> approx. 220-250\u00b0C<\/p>\n\n\n\n<p><\/p>\n\n\n\n<p id=\"block-7c328841-b1ab-415e-9893-bff217a8ac82\"><strong>In the BOBBY:<br>Preheating: <\/strong>approx. 10-15 minutes<br><strong>Top heat:<\/strong> approx. 200-230\u00b0C<br><\/p>\n\n\n\n<div style=\"height:50px\" aria-hidden=\"true\" class=\"wp-block-spacer\"><\/div>\n\n\n\n<p id=\"block-7c328841-b1ab-415e-9893-bff217a8ac82\"><br><\/p>\n\n\n\n<p id=\"block-ffb761c9-c346-4127-9945-d43605a0d917\"><strong>Ingredients<\/strong> (for 4 persons)<br><\/p>\n\n\n\n<div style=\"height:50px\" aria-hidden=\"true\" class=\"wp-block-spacer\"><\/div>\n\n\n\n<p id=\"block-425ea181-4984-4d18-8bee-60b1f57fb52c\"><strong>F\u00fcr das winterliche Ofengem\u00fcse:<\/strong><\/p>\n\n\n\n<ul id=\"block-dee52637-c120-4936-ab32-32916e79e333\" class=\"wp-block-list\">\n<li>1 S\u00fc\u00dfkartoffel, gew\u00fcrfelt<\/li>\n\n\n\n<li>2 rote Zwiebeln, in Spalten<\/li>\n\n\n\n<li>400 g Rosenkohl, halbiert<\/li>\n\n\n\n<li>300 g Rote Bete, gew\u00fcrfelt<\/li>\n\n\n\n<li>1-2 garlic cloves, sliced<\/li>\n\n\n\n<li>3-4 EL Oliven\u00f6l<\/li>\n\n\n\n<li>1 tsp turmeric<\/li>\n\n\n\n<li>1 teaspoon paprika powder, sweet<\/li>\n\n\n\n<li>\u00bd-1 TL Kreuzk\u00fcmmel<\/li>\n\n\n\n<li>Salt flakes, pepper from the mill<\/li>\n<\/ul>\n\n\n\n<div style=\"height:50px\" aria-hidden=\"true\" class=\"wp-block-spacer\"><\/div>\n\n\n\n<p id=\"block-e64ace1c-669a-4062-bb0d-46f07781537c\"><strong>F\u00fcr den Halloumi im Bl\u00e4tterteigmantel:<\/strong><\/p>\n\n\n\n<ul id=\"block-1a6a5bd3-1ee0-474c-8559-c3cec4d5d88c\" class=\"wp-block-list\">\n<li>2 (ger\u00e4ucherte) Halloumi (\u00e0 250 g)<\/li>\n\n\n\n<li>1 Pck. Bl\u00e4tterteig aus dem K\u00fchlregal<\/li>\n\n\n\n<li>1 egg<\/li>\n\n\n\n<li>3 EL Sesam<\/li>\n\n\n\n<li>Kr\u00e4uter\/Gew\u00fcrze nach Belieben<\/li>\n<\/ul>\n\n\n\n<div style=\"height:50px\" aria-hidden=\"true\" class=\"wp-block-spacer\"><\/div>\n\n\n\n<p id=\"block-e64ace1c-669a-4062-bb0d-46f07781537c\"><strong>In addition:<\/strong><\/p>\n\n\n\n<ul id=\"block-1a6a5bd3-1ee0-474c-8559-c3cec4d5d88c\" class=\"wp-block-list\">\n<li>Dattelsirup<\/li>\n<\/ul>\n\n\n\n<div style=\"height:50px\" aria-hidden=\"true\" class=\"wp-block-spacer\"><\/div>\n\n\n\n<p><\/p>\n\n\n\n<p><strong>Ein paar Tage vorher:<br><\/strong>Halloumi auf einem Gitterrost mehrere Stunden gut abtropfen lassen, anschlie\u00dfend trocken tupfen und nach Belieben rundherum mit Kr\u00e4utern bestreuen.<\/p>\n\n\n\n<p>Den K\u00e4se auf den Abstandsrost auf den Schamottsteinen legen (im Bobby). Einen vorbereiteten Sparbrand danebenstellen und mit einem Flambierbrenner entz\u00fcnden. Alternativ kannst du den K\u00e4se auf dem ausziehbaren Grillrost platzieren und den Sparbrand darunter in die Brennkammer stellen.&nbsp;<\/p>\n\n\n\n<p>Den K\u00e4se mindestens 2\u20134 Stunden r\u00e4uchern. Dabei die Brennkammert\u00fcr mit dem Luftregler schlie\u00dfen. Den Griff am Ofenrohr in die waagrechte Position bringen. Je l\u00e4nger der K\u00e4se dem Rauch ausgesetzt ist, desto intensiver wird das Aroma.<\/p>\n\n\n\n<p>Den ger\u00e4ucherten K\u00e4se aus dem Ofen nehmen. Anschlie\u00dfend in Backpapier wickeln oder vakuumieren und vor dem Servieren mindestens 24 Stunden im K\u00fchlschrank reifen lassen, damit sich das Aroma richtig entfaltet.<\/p>\n\n\n\n<p>Um den Rauchgeschmack zu intensivieren, kann der R\u00e4uchervorgang nach dieser Phase wiederholt werden.<\/p>\n\n\n\n<div style=\"height:50px\" aria-hidden=\"true\" class=\"wp-block-spacer\"><\/div>\n\n\n\n<p><br><br><strong>Am Tag der Zubereitung:<br><\/strong>Heat the Merklinger to approx. 220-250\u00b0C (BOBBY approx. 200-230\u00b0C).<br>Die Keltenschale auf den Schamottsteinen mit aufheizen.&nbsp;<\/p>\n\n\n\n<div style=\"height:50px\" aria-hidden=\"true\" class=\"wp-block-spacer\"><\/div>\n\n\n\n<p><br><strong>F\u00fcr das winterliche Ofengem\u00fcse:<\/strong><br>Das Gem\u00fcse in einer Sch\u00fcssel mit dem Oliven\u00f6l und den Gew\u00fcrzen vermischen. Auf die hei\u00dfe Keramikschale geben und im Merklinger ca. 25-30 Minuten backen.<br><br>Aus dem Ofen nehmen und mit Salzflocken und Pfeffer aus der M\u00fchle w\u00fcrzen.&nbsp;<\/p>\n\n\n\n<div style=\"height:50px\" aria-hidden=\"true\" class=\"wp-block-spacer\"><\/div>\n\n\n\n<p><br><strong>F\u00fcr den Halloumi im Bl\u00e4tterteigmantel:<\/strong><br>Halloumi nach Bedarf nochmal trocken tupfen. Den Bl\u00e4tterteig ausrollen und die beiden K\u00e4sest\u00fccke der L\u00e4nge nach auf die Mitte des Bl\u00e4tterteigs legen. Den Teig rundherum in Streifen schneiden (siehe Foto) und den K\u00e4se damit einwickeln. Das P\u00e4ckchen in eine Auflaufform oder auf eine Keramikplatte legen.<br>Mit verquirltem Ei einpinseln und mit Sesam bestreuen.<\/p>\n\n\n\n<div style=\"height:50px\" aria-hidden=\"true\" class=\"wp-block-spacer\"><\/div>\n\n\n\n<figure class=\"wp-block-image size-large\"><img fetchpriority=\"high\" decoding=\"async\" width=\"768\" height=\"1024\" src=\"https:\/\/www.dermerklinger.de\/wp-content\/uploads\/2026\/01\/Rezepte-Merklinger-Holzbackofen-Halloumi-im-Blaetterteigmantel-768x1024.jpg\" alt=\"\" class=\"wp-image-40594\" srcset=\"https:\/\/www.dermerklinger.de\/wp-content\/uploads\/2026\/01\/Rezepte-Merklinger-Holzbackofen-Halloumi-im-Blaetterteigmantel-768x1024.jpg 768w, https:\/\/www.dermerklinger.de\/wp-content\/uploads\/2026\/01\/Rezepte-Merklinger-Holzbackofen-Halloumi-im-Blaetterteigmantel-225x300.jpg 225w, https:\/\/www.dermerklinger.de\/wp-content\/uploads\/2026\/01\/Rezepte-Merklinger-Holzbackofen-Halloumi-im-Blaetterteigmantel-1152x1536.jpg 1152w, https:\/\/www.dermerklinger.de\/wp-content\/uploads\/2026\/01\/Rezepte-Merklinger-Holzbackofen-Halloumi-im-Blaetterteigmantel-9x12.jpg 9w, https:\/\/www.dermerklinger.de\/wp-content\/uploads\/2026\/01\/Rezepte-Merklinger-Holzbackofen-Halloumi-im-Blaetterteigmantel-350x467.jpg 350w, https:\/\/www.dermerklinger.de\/wp-content\/uploads\/2026\/01\/Rezepte-Merklinger-Holzbackofen-Halloumi-im-Blaetterteigmantel.jpg 1440w\" sizes=\"(max-width: 768px) 100vw, 768px\" \/><\/figure>\n\n\n\n<p><br><br><\/p>\n\n\n\n<figure class=\"wp-block-image size-large\"><img decoding=\"async\" width=\"768\" height=\"1024\" src=\"https:\/\/www.dermerklinger.de\/wp-content\/uploads\/2026\/01\/Rezepte-Merklinger-Holzbackofen-Halloumi-im-Blaetterteigmantel-2-768x1024.jpg\" alt=\"\" class=\"wp-image-40595\" srcset=\"https:\/\/www.dermerklinger.de\/wp-content\/uploads\/2026\/01\/Rezepte-Merklinger-Holzbackofen-Halloumi-im-Blaetterteigmantel-2-768x1024.jpg 768w, https:\/\/www.dermerklinger.de\/wp-content\/uploads\/2026\/01\/Rezepte-Merklinger-Holzbackofen-Halloumi-im-Blaetterteigmantel-2-225x300.jpg 225w, https:\/\/www.dermerklinger.de\/wp-content\/uploads\/2026\/01\/Rezepte-Merklinger-Holzbackofen-Halloumi-im-Blaetterteigmantel-2-1152x1536.jpg 1152w, https:\/\/www.dermerklinger.de\/wp-content\/uploads\/2026\/01\/Rezepte-Merklinger-Holzbackofen-Halloumi-im-Blaetterteigmantel-2-9x12.jpg 9w, https:\/\/www.dermerklinger.de\/wp-content\/uploads\/2026\/01\/Rezepte-Merklinger-Holzbackofen-Halloumi-im-Blaetterteigmantel-2-350x467.jpg 350w, https:\/\/www.dermerklinger.de\/wp-content\/uploads\/2026\/01\/Rezepte-Merklinger-Holzbackofen-Halloumi-im-Blaetterteigmantel-2.jpg 1500w\" sizes=\"(max-width: 768px) 100vw, 768px\" \/><\/figure>\n\n\n\n<div style=\"height:50px\" aria-hidden=\"true\" class=\"wp-block-spacer\"><\/div>\n\n\n\n<p><\/p>\n\n\n\n<p>Im hei\u00dfen Merklinger ca. 25-30 Minuten goldgelb backen.<br><br>In Scheiben schneiden und auf dem Ofengem\u00fcse anrichten. Mit Dattelsirup servieren.<\/p>\n\n\n\n<div style=\"height:50px\" aria-hidden=\"true\" class=\"wp-block-spacer\"><\/div>\n\n\n\n<p><br><br><br><br><strong>Tip:<br><\/strong>Du m\u00f6chtest sofort mit der Zubereitung des Gerichts starten?<br><br>Verwende den Halloumi einfach unger\u00e4uchert!<br><\/p>","protected":false},"excerpt":{"rendered":"<p>Du ben\u00f6tigst daf\u00fcr: Schamottsteine \/ KeltenschaleArbeitszeit: 30 Minuten Vorheizen: ca. 30 MinutenOberhitze: ca. 220-250\u00b0C Im BOBBY:Vorheizen: ca. 10-15 MinutenOberhitze: ca. 200-230\u00b0C Zutaten (f\u00fcr 4 Personen) F\u00fcr das winterliche Ofengem\u00fcse: F\u00fcr den Halloumi im Bl\u00e4tterteigmantel: Au\u00dferdem: Ein paar Tage vorher:Halloumi auf einem Gitterrost mehrere Stunden gut abtropfen lassen, anschlie\u00dfend trocken tupfen und nach Belieben rundherum mit [&hellip;]<\/p>\n","protected":false},"featured_media":40592,"template":"","tags":[],"kochen":[89,86],"backen":[94,93],"grillen":[97],"ernaehrungsform":[99],"raeuchern":[226],"class_list":["post-40591","rezept","type-rezept","status-publish","has-post-thumbnail","hentry","kochen-anderes","kochen-gemuese","backen-anderes","backen-snacks","grillen-gemuese","ernaehrungsform-vegetarisch","raeuchern-kaese"],"acf":[],"publishpress_future_workflow_manual_trigger":{"enabledWorkflows":[]},"_links":{"self":[{"href":"https:\/\/www.dermerklinger.de\/en\/wp-json\/wp\/v2\/rezept\/40591","targetHints":{"allow":["GET"]}}],"collection":[{"href":"https:\/\/www.dermerklinger.de\/en\/wp-json\/wp\/v2\/rezept"}],"about":[{"href":"https:\/\/www.dermerklinger.de\/en\/wp-json\/wp\/v2\/types\/rezept"}],"wp:featuredmedia":[{"embeddable":true,"href":"https:\/\/www.dermerklinger.de\/en\/wp-json\/wp\/v2\/media\/40592"}],"wp:attachment":[{"href":"https:\/\/www.dermerklinger.de\/en\/wp-json\/wp\/v2\/media?parent=40591"}],"wp:term":[{"taxonomy":"post_tag","embeddable":true,"href":"https:\/\/www.dermerklinger.de\/en\/wp-json\/wp\/v2\/tags?post=40591"},{"taxonomy":"kochen","embeddable":true,"href":"https:\/\/www.dermerklinger.de\/en\/wp-json\/wp\/v2\/kochen?post=40591"},{"taxonomy":"backen","embeddable":true,"href":"https:\/\/www.dermerklinger.de\/en\/wp-json\/wp\/v2\/backen?post=40591"},{"taxonomy":"grillen","embeddable":true,"href":"https:\/\/www.dermerklinger.de\/en\/wp-json\/wp\/v2\/grillen?post=40591"},{"taxonomy":"ernaehrungsform","embeddable":true,"href":"https:\/\/www.dermerklinger.de\/en\/wp-json\/wp\/v2\/ernaehrungsform?post=40591"},{"taxonomy":"raeuchern","embeddable":true,"href":"https:\/\/www.dermerklinger.de\/en\/wp-json\/wp\/v2\/raeuchern?post=40591"}],"curies":[{"name":"wp","href":"https:\/\/api.w.org\/{rel}","templated":true}]}}