{"id":28510,"date":"2023-03-14T23:09:35","date_gmt":"2023-03-14T22:09:35","guid":{"rendered":"https:\/\/www.dermerklinger.de\/?page_id=28510"},"modified":"2026-02-02T17:05:15","modified_gmt":"2026-02-02T16:05:15","slug":"merklinger-outdoor-kitchen","status":"publish","type":"page","link":"https:\/\/www.dermerklinger.de\/en\/merklinger-outdoorkueche\/","title":{"rendered":"Outdoor kitchen"},"content":{"rendered":"\t\t<div data-elementor-type=\"wp-page\" data-elementor-id=\"28510\" class=\"elementor elementor-28510\" data-elementor-post-type=\"page\">\n\t\t\t\t<div class=\"elementor-element elementor-element-6e6448d e-con-full e-ecs-flex e-flex e-con e-parent\" data-id=\"6e6448d\" data-element_type=\"container\" data-e-type=\"container\" data-settings=\"{&quot;background_background&quot;:&quot;classic&quot;,&quot;background_motion_fx_translateY_effect&quot;:&quot;yes&quot;,&quot;background_motion_fx_translateY_speed&quot;:{&quot;unit&quot;:&quot;px&quot;,&quot;size&quot;:2,&quot;sizes&quot;:[]},&quot;background_motion_fx_range&quot;:&quot;viewport&quot;,&quot;background_motion_fx_motion_fx_scrolling&quot;:&quot;yes&quot;,&quot;background_motion_fx_translateY_affectedRange&quot;:{&quot;unit&quot;:&quot;%&quot;,&quot;size&quot;:&quot;&quot;,&quot;sizes&quot;:{&quot;start&quot;:0,&quot;end&quot;:55}},&quot;ecs_container_type&quot;:&quot;flex&quot;,&quot;background_motion_fx_devices&quot;:[&quot;desktop&quot;,&quot;tablet&quot;,&quot;mobile&quot;]}\">\n\t\t<div class=\"elementor-element elementor-element-7a2a1b3 e-ecs-flex e-flex e-con-boxed e-con e-child\" data-id=\"7a2a1b3\" data-element_type=\"container\" data-e-type=\"container\" data-settings=\"{&quot;ecs_container_type&quot;:&quot;flex&quot;}\">\n\t\t\t\t\t<div class=\"e-con-inner\">\n\t\t\t\t<div class=\"elementor-element elementor-element-4b1cbb5 elementor-fixed elementor-widget elementor-widget-image\" data-id=\"4b1cbb5\" data-element_type=\"widget\" data-e-type=\"widget\" data-settings=\"{&quot;_position&quot;:&quot;fixed&quot;}\" data-widget_type=\"image.default\">\n\t\t\t\t<div class=\"elementor-widget-container\">\n\t\t\t\t\t\t\t\t\t\t\t\t\t\t\t\t<a href=\"https:\/\/www.dermerklinger.de\/broschuere\/\" target=\"_blank\">\n\t\t\t\t\t\t\t<img decoding=\"async\" width=\"207\" height=\"184\" src=\"https:\/\/www.dermerklinger.de\/wp-content\/uploads\/2023\/03\/Stoerer_Broschuere.svg\" class=\"attachment-large size-large wp-image-27577\" alt=\"\" \/>\t\t\t\t\t\t\t\t<\/a>\n\t\t\t\t\t\t\t\t\t\t\t\t\t\t\t<\/div>\n\t\t\t\t<\/div>\n\t\t\t\t<div class=\"elementor-element elementor-element-9b349e5 elementor-fixed elementor-widget elementor-widget-image\" data-id=\"9b349e5\" data-element_type=\"widget\" data-e-type=\"widget\" data-settings=\"{&quot;_position&quot;:&quot;fixed&quot;}\" data-widget_type=\"image.default\">\n\t\t\t\t<div class=\"elementor-widget-container\">\n\t\t\t\t\t\t\t\t\t\t\t\t\t\t\t\t<a href=\"https:\/\/www.dermerklinger.de\/en\/brochures\/\" target=\"_blank\">\n\t\t\t\t\t\t\t<img decoding=\"async\" width=\"207\" height=\"184\" src=\"https:\/\/www.dermerklinger.de\/wp-content\/uploads\/2024\/05\/Merklinger_Woodfiredoven_Grill_Icons_broschure_download.svg\" class=\"attachment-large size-large wp-image-36066\" alt=\"\" \/>\t\t\t\t\t\t\t\t<\/a>\n\t\t\t\t\t\t\t\t\t\t\t\t\t\t\t<\/div>\n\t\t\t\t<\/div>\n\t\t\t\t<div class=\"elementor-element elementor-element-306c9eb elementor-widget elementor-widget-heading\" data-id=\"306c9eb\" data-element_type=\"widget\" data-e-type=\"widget\" data-widget_type=\"heading.default\">\n\t\t\t\t<div class=\"elementor-widget-container\">\n\t\t\t\t\t<h1 class=\"elementor-heading-title elementor-size-default\">Die Merklinger Outdoork\u00fcche<\/h1>\t\t\t\t<\/div>\n\t\t\t\t<\/div>\n\t\t\t\t\t<\/div>\n\t\t\t\t<\/div>\n\t\t\t\t<\/div>\n\t\t<div class=\"elementor-element elementor-element-b3459f5 e-ecs-flex e-flex e-con-boxed e-con e-parent\" data-id=\"b3459f5\" data-element_type=\"container\" data-e-type=\"container\" data-settings=\"{&quot;ecs_container_type&quot;:&quot;flex&quot;}\">\n\t\t\t\t\t<div class=\"e-con-inner\">\n\t\t\t\t<div class=\"elementor-element elementor-element-91a6702 elementor-widget elementor-widget-spacer\" data-id=\"91a6702\" data-element_type=\"widget\" data-e-type=\"widget\" data-widget_type=\"spacer.default\">\n\t\t\t\t<div class=\"elementor-widget-container\">\n\t\t\t\t\t\t\t<div class=\"elementor-spacer\">\n\t\t\t<div class=\"elementor-spacer-inner\"><\/div>\n\t\t<\/div>\n\t\t\t\t\t\t<\/div>\n\t\t\t\t<\/div>\n\t\t\t\t\t<\/div>\n\t\t\t\t<\/div>\n\t\t<div class=\"elementor-element elementor-element-5fb622f e-ecs-flex e-flex e-con-boxed e-con e-parent\" data-id=\"5fb622f\" data-element_type=\"container\" data-e-type=\"container\" data-settings=\"{&quot;ecs_container_type&quot;:&quot;flex&quot;}\">\n\t\t\t\t\t<div class=\"e-con-inner\">\n\t\t\t\t<div class=\"elementor-element elementor-element-be93101 elementor-widget elementor-widget-heading\" data-id=\"be93101\" data-element_type=\"widget\" data-e-type=\"widget\" data-widget_type=\"heading.default\">\n\t\t\t\t<div class=\"elementor-widget-container\">\n\t\t\t\t\t<h2 class=\"elementor-heading-title elementor-size-default\">Wir lieben Outdoor!<\/h2>\t\t\t\t<\/div>\n\t\t\t\t<\/div>\n\t\t\t\t<div class=\"elementor-element elementor-element-d8272f1 hp elementor-widget elementor-widget-text-editor\" data-id=\"d8272f1\" data-element_type=\"widget\" data-e-type=\"widget\" data-widget_type=\"text-editor.default\">\n\t\t\t\t<div class=\"elementor-widget-container\">\n\t\t\t\t\t\t\t\t\t<p>Spontan und frei drau\u00dfen vorbereiten, kochen und genie\u00dfen. Mit unserer neuen modularen Outdoork\u00fcche kannst du noch mehr Zeit mit deinen Liebsten drau\u00dfen verbringen und hast alles griffbereit.&nbsp;<span style=\"color: var( --e-global-color-text ); text-align: var(--text-align); letter-spacing: -0.08px;\">Sei es dein Zubeh\u00f6r zum Brot backen, sauber verstaut in unseren Schubladen, dein Holz sicher verwahrt im Schrank, ein k\u00fchles Getr\u00e4nk im K\u00fchlschrank, oder die Sp\u00fcle zum H\u00e4ndewaschen zwischendurch. <b>Der Merklinger bietet dir eine Outdoork\u00fcche f\u00fcrs Leben<\/b>.<\/span><\/p>\t\t\t\t\t\t\t\t<\/div>\n\t\t\t\t<\/div>\n\t\t\t\t<div class=\"elementor-element elementor-element-7b5e801 elementor-widget elementor-widget-spacer\" data-id=\"7b5e801\" data-element_type=\"widget\" data-e-type=\"widget\" data-widget_type=\"spacer.default\">\n\t\t\t\t<div class=\"elementor-widget-container\">\n\t\t\t\t\t\t\t<div class=\"elementor-spacer\">\n\t\t\t<div class=\"elementor-spacer-inner\"><\/div>\n\t\t<\/div>\n\t\t\t\t\t\t<\/div>\n\t\t\t\t<\/div>\n\t\t\t\t\t<\/div>\n\t\t\t\t<\/div>\n\t\t<div class=\"elementor-element elementor-element-1d951e0 e-con-full e-ecs-flex e-flex e-con e-parent\" data-id=\"1d951e0\" data-element_type=\"container\" data-e-type=\"container\" data-settings=\"{&quot;ecs_container_type&quot;:&quot;flex&quot;}\">\n\t\t\t\t<div class=\"elementor-element elementor-element-a8a6e65 elementor-widget elementor-widget-image-carousel\" data-id=\"a8a6e65\" data-element_type=\"widget\" data-e-type=\"widget\" data-settings=\"{&quot;slides_to_show&quot;:&quot;1&quot;,&quot;navigation&quot;:&quot;none&quot;,&quot;autoplay_speed&quot;:4000,&quot;pause_on_hover&quot;:&quot;no&quot;,&quot;autoplay&quot;:&quot;yes&quot;,&quot;pause_on_interaction&quot;:&quot;yes&quot;,&quot;infinite&quot;:&quot;yes&quot;,&quot;effect&quot;:&quot;slide&quot;,&quot;speed&quot;:500}\" data-widget_type=\"image-carousel.default\">\n\t\t\t\t<div class=\"elementor-widget-container\">\n\t\t\t\t\t\t\t<div class=\"elementor-image-carousel-wrapper swiper\" role=\"region\" aria-roledescription=\"carousel\" aria-label=\"Bild Karussell\" dir=\"ltr\">\n\t\t\t<div class=\"elementor-image-carousel swiper-wrapper\" aria-live=\"off\">\n\t\t\t\t\t\t\t\t<div class=\"swiper-slide\" role=\"group\" aria-roledescription=\"slide\" aria-label=\"1 von 3\"><figure class=\"swiper-slide-inner\"><img decoding=\"async\" class=\"swiper-slide-image\" src=\"https:\/\/www.dermerklinger.de\/wp-content\/uploads\/2023\/05\/Merklinger_Holzbackofen_Pizzaofen_02_Merklinger_Outdoorkueche_Slider_01.jpg\" alt=\"Merklinger_Holzbackofen_Pizzaofen_02_Merklinger_Outdoorku\u0308che_Slider_01\" \/><\/figure><\/div><div class=\"swiper-slide\" role=\"group\" aria-roledescription=\"slide\" aria-label=\"2 von 3\"><figure class=\"swiper-slide-inner\"><img decoding=\"async\" class=\"swiper-slide-image\" src=\"https:\/\/www.dermerklinger.de\/wp-content\/uploads\/2024\/03\/DerMerklinger_Holzbackofen_Outdoorkueche_22.jpg\" alt=\"DerMerklinger_Holzbackofen_Outdoorkueche_22\" \/><\/figure><\/div><div class=\"swiper-slide\" role=\"group\" aria-roledescription=\"slide\" aria-label=\"3 von 3\"><figure class=\"swiper-slide-inner\"><img decoding=\"async\" class=\"swiper-slide-image\" src=\"https:\/\/www.dermerklinger.de\/wp-content\/uploads\/2023\/05\/Merklinger_Holzbackofen_Pizzaofen_02_Merklinger_Outdoorkueche_Slider_02.jpg\" alt=\"Merklinger_Holzbackofen_Pizzaofen_02_Merklinger_Outdoorku\u0308che_Slider_02\" \/><\/figure><\/div>\t\t\t<\/div>\n\t\t\t\t\t\t\t\n\t\t\t\t\t\t\t\t\t<\/div>\n\t\t\t\t\t\t<\/div>\n\t\t\t\t<\/div>\n\t\t\t\t<\/div>\n\t\t<div class=\"elementor-element elementor-element-d45a6ed e-con-full e-ecs-flex e-flex e-con e-parent\" data-id=\"d45a6ed\" data-element_type=\"container\" data-e-type=\"container\" data-settings=\"{&quot;background_background&quot;:&quot;classic&quot;,&quot;ecs_container_type&quot;:&quot;flex&quot;}\">\n\t\t\t\t<div class=\"elementor-element elementor-element-f4df789 elementor-arrows-position-inside elementor-widget elementor-widget-image-carousel\" data-id=\"f4df789\" data-element_type=\"widget\" data-e-type=\"widget\" data-settings=\"{&quot;slides_to_show&quot;:&quot;5&quot;,&quot;slides_to_show_tablet&quot;:&quot;2&quot;,&quot;slides_to_show_mobile&quot;:&quot;2&quot;,&quot;navigation&quot;:&quot;arrows&quot;,&quot;autoplay&quot;:&quot;no&quot;,&quot;image_spacing_custom_mobile&quot;:{&quot;unit&quot;:&quot;px&quot;,&quot;size&quot;:22,&quot;sizes&quot;:[]},&quot;slides_to_scroll_mobile&quot;:&quot;1&quot;,&quot;infinite&quot;:&quot;yes&quot;,&quot;speed&quot;:500,&quot;image_spacing_custom&quot;:{&quot;unit&quot;:&quot;px&quot;,&quot;size&quot;:20,&quot;sizes&quot;:[]},&quot;image_spacing_custom_tablet&quot;:{&quot;unit&quot;:&quot;px&quot;,&quot;size&quot;:&quot;&quot;,&quot;sizes&quot;:[]}}\" data-no-translation=\"\" data-widget_type=\"image-carousel.default\">\n\t\t\t\t<div class=\"elementor-widget-container\">\n\t\t\t\t\t<style>.elementor-element-f4df789{display:none !important}<\/style>\t\t\t\t<\/div>\n\t\t\t\t<\/div>\n\t\t\t\t<div class=\"elementor-element elementor-element-a834257 elementor-arrows-position-inside elementor-widget elementor-widget-image-carousel\" data-id=\"a834257\" data-element_type=\"widget\" data-e-type=\"widget\" data-settings=\"{&quot;slides_to_show&quot;:&quot;5&quot;,&quot;slides_to_show_tablet&quot;:&quot;2&quot;,&quot;slides_to_show_mobile&quot;:&quot;2&quot;,&quot;navigation&quot;:&quot;arrows&quot;,&quot;autoplay&quot;:&quot;no&quot;,&quot;image_spacing_custom_mobile&quot;:{&quot;unit&quot;:&quot;px&quot;,&quot;size&quot;:22,&quot;sizes&quot;:[]},&quot;slides_to_scroll_mobile&quot;:&quot;1&quot;,&quot;infinite&quot;:&quot;yes&quot;,&quot;speed&quot;:500,&quot;image_spacing_custom&quot;:{&quot;unit&quot;:&quot;px&quot;,&quot;size&quot;:20,&quot;sizes&quot;:[]},&quot;image_spacing_custom_tablet&quot;:{&quot;unit&quot;:&quot;px&quot;,&quot;size&quot;:&quot;&quot;,&quot;sizes&quot;:[]}}\" data-no-translation=\"\" data-widget_type=\"image-carousel.default\">\n\t\t\t\t<div class=\"elementor-widget-container\">\n\t\t\t\t\t\t\t<div class=\"elementor-image-carousel-wrapper swiper\" role=\"region\" aria-roledescription=\"carousel\" aria-label=\"Bild Karussell\" dir=\"ltr\">\n\t\t\t<div class=\"elementor-image-carousel swiper-wrapper swiper-image-stretch\" aria-live=\"polite\">\n\t\t\t\t\t\t\t\t<div class=\"swiper-slide\" role=\"group\" aria-roledescription=\"slide\" aria-label=\"1 of 6\"><figure class=\"swiper-slide-inner\"><img decoding=\"async\" class=\"swiper-slide-image\" src=\"https:\/\/www.dermerklinger.de\/wp-content\/uploads\/2024\/05\/Merklinger_Woodfiredoven_Grill_Icons_granite_surface.svg\" alt=\"Merklinger_Woodfiredoven_Grill_Icons_granite_surface\" \/><\/figure><\/div><div class=\"swiper-slide\" role=\"group\" aria-roledescription=\"slide\" aria-label=\"2 of 6\"><figure class=\"swiper-slide-inner\"><img decoding=\"async\" class=\"swiper-slide-image\" src=\"https:\/\/www.dermerklinger.de\/wp-content\/uploads\/2024\/05\/Merklinger_Woodfiredoven_Grill_Icons_local_sustainable.svg\" alt=\"Merklinger_Woodfiredoven_Grill_Icons_local_sustainable\" \/><\/figure><\/div><div class=\"swiper-slide\" role=\"group\" aria-roledescription=\"slide\" aria-label=\"3 of 6\"><figure class=\"swiper-slide-inner\"><img decoding=\"async\" class=\"swiper-slide-image\" src=\"https:\/\/www.dermerklinger.de\/wp-content\/uploads\/2024\/05\/Merklinger_Woodfiredoven_Grill_Icons_modular.svg\" alt=\"Merklinger_Woodfiredoven_Grill_Icons_modular\" \/><\/figure><\/div><div class=\"swiper-slide\" role=\"group\" aria-roledescription=\"slide\" aria-label=\"4 of 6\"><figure class=\"swiper-slide-inner\"><img decoding=\"async\" class=\"swiper-slide-image\" src=\"https:\/\/www.dermerklinger.de\/wp-content\/uploads\/2024\/05\/Merklinger_Woodfiredoven_Grill_Icons_mobile.svg\" alt=\"Merklinger_Woodfiredoven_Grill_Icons_mobile\" \/><\/figure><\/div><div class=\"swiper-slide\" role=\"group\" aria-roledescription=\"slide\" aria-label=\"5 of 6\"><figure class=\"swiper-slide-inner\"><img decoding=\"async\" class=\"swiper-slide-image\" src=\"https:\/\/www.dermerklinger.de\/wp-content\/uploads\/2024\/05\/Merklinger_Woodfiredoven_Grill_Icons_MaddeinGermany.svg\" alt=\"Merklinger_Woodfiredoven_Grill_Icons_MaddeinGermany\" \/><\/figure><\/div><div class=\"swiper-slide\" role=\"group\" aria-roledescription=\"slide\" aria-label=\"6 of 6\"><figure class=\"swiper-slide-inner\"><img decoding=\"async\" class=\"swiper-slide-image\" src=\"https:\/\/www.dermerklinger.de\/wp-content\/uploads\/2024\/05\/Merklinger_Woodfiredoven_Grill_Icons_builtforlife.svg\" alt=\"Merklinger_Woodfiredoven_Grill_Icons_builtforlife\" \/><\/figure><\/div>\t\t\t<\/div>\n\t\t\t\t\t\t\t\t\t\t\t\t<div class=\"elementor-swiper-button elementor-swiper-button-prev\" role=\"button\" tabindex=\"0\">\n\t\t\t\t\t\t<i aria-hidden=\"true\" class=\"eicon-chevron-left\"><\/i>\t\t\t\t\t<\/div>\n\t\t\t\t\t<div class=\"elementor-swiper-button elementor-swiper-button-next\" role=\"button\" tabindex=\"0\">\n\t\t\t\t\t\t<i aria-hidden=\"true\" class=\"eicon-chevron-right\"><\/i>\t\t\t\t\t<\/div>\n\t\t\t\t\n\t\t\t\t\t\t\t\t\t<\/div>\n\t\t\t\t\t\t<\/div>\n\t\t\t\t<\/div>\n\t\t\t\t<\/div>\n\t\t<div class=\"elementor-element elementor-element-e5a061a e-ecs-flex e-flex e-con-boxed e-con e-parent\" data-id=\"e5a061a\" data-element_type=\"container\" data-e-type=\"container\" data-settings=\"{&quot;ecs_container_type&quot;:&quot;flex&quot;}\">\n\t\t\t\t\t<div class=\"e-con-inner\">\n\t\t\t\t<div class=\"elementor-element elementor-element-a25e32b elementor-widget elementor-widget-spacer\" data-id=\"a25e32b\" data-element_type=\"widget\" data-e-type=\"widget\" data-widget_type=\"spacer.default\">\n\t\t\t\t<div class=\"elementor-widget-container\">\n\t\t\t\t\t\t\t<div class=\"elementor-spacer\">\n\t\t\t<div class=\"elementor-spacer-inner\"><\/div>\n\t\t<\/div>\n\t\t\t\t\t\t<\/div>\n\t\t\t\t<\/div>\n\t\t\t\t\t<\/div>\n\t\t\t\t<\/div>\n\t\t<div class=\"elementor-element elementor-element-0662ca8 e-ecs-flex e-flex e-con-boxed e-con e-parent\" data-id=\"0662ca8\" data-element_type=\"container\" data-e-type=\"container\" data-settings=\"{&quot;ecs_container_type&quot;:&quot;flex&quot;}\">\n\t\t\t\t\t<div class=\"e-con-inner\">\n\t\t<div class=\"elementor-element elementor-element-f37ab3a e-con-full e-ecs-flex e-flex e-con e-child\" data-id=\"f37ab3a\" data-element_type=\"container\" data-e-type=\"container\" data-settings=\"{&quot;ecs_container_type&quot;:&quot;flex&quot;}\">\n\t\t\t\t<div class=\"elementor-element elementor-element-8ccf135 elementor-widget elementor-widget-image-carousel\" data-id=\"8ccf135\" data-element_type=\"widget\" data-e-type=\"widget\" data-settings=\"{&quot;slides_to_show&quot;:&quot;1&quot;,&quot;navigation&quot;:&quot;none&quot;,&quot;lazyload&quot;:&quot;yes&quot;,&quot;pause_on_hover&quot;:&quot;no&quot;,&quot;effect&quot;:&quot;fade&quot;,&quot;autoplay&quot;:&quot;yes&quot;,&quot;pause_on_interaction&quot;:&quot;yes&quot;,&quot;autoplay_speed&quot;:5000,&quot;infinite&quot;:&quot;yes&quot;,&quot;speed&quot;:500}\" data-widget_type=\"image-carousel.default\">\n\t\t\t\t<div class=\"elementor-widget-container\">\n\t\t\t\t\t\t\t<div class=\"elementor-image-carousel-wrapper swiper\" role=\"region\" aria-roledescription=\"carousel\" aria-label=\"Bild Karussell\" dir=\"ltr\">\n\t\t\t<div class=\"elementor-image-carousel swiper-wrapper swiper-image-stretch\" aria-live=\"off\">\n\t\t\t\t\t\t\t\t<div class=\"swiper-slide\" role=\"group\" aria-roledescription=\"slide\" aria-label=\"1 von 4\"><figure class=\"swiper-slide-inner\"><img class=\"swiper-slide-image swiper-lazy\" data-src=\"https:\/\/www.dermerklinger.de\/wp-content\/uploads\/2024\/03\/Der_Merklinger_Holzbackofen_Bobby_Garten_Event_Feb_24_digi005.jpg\" alt=\"Der_Merklinger_Holzbackofen_Bobby_Garten_Event_Feb_24_digi005\" \/><div class=\"swiper-lazy-preloader\"><\/div><\/figure><\/div><div class=\"swiper-slide\" role=\"group\" aria-roledescription=\"slide\" aria-label=\"2 von 4\"><figure class=\"swiper-slide-inner\"><img class=\"swiper-slide-image swiper-lazy\" data-src=\"https:\/\/www.dermerklinger.de\/wp-content\/uploads\/2024\/03\/21_DerMerklinger_Holzbackofen_Bobby_Freisteller_Showroom_digi.jpg\" alt=\"21_DerMerklinger_Holzbackofen_Bobby_Freisteller_Showroom_digi\" \/><div class=\"swiper-lazy-preloader\"><\/div><\/figure><\/div><div class=\"swiper-slide\" role=\"group\" aria-roledescription=\"slide\" aria-label=\"3 von 4\"><figure class=\"swiper-slide-inner\"><img class=\"swiper-slide-image swiper-lazy\" data-src=\"https:\/\/www.dermerklinger.de\/wp-content\/uploads\/2024\/03\/DerMerklinger_Holzbackofen_Outdoorkueche_2.jpg\" alt=\"DerMerklinger_Holzbackofen_Outdoorkueche_2\" \/><div class=\"swiper-lazy-preloader\"><\/div><\/figure><\/div><div class=\"swiper-slide\" role=\"group\" aria-roledescription=\"slide\" aria-label=\"4 von 4\"><figure class=\"swiper-slide-inner\"><img class=\"swiper-slide-image swiper-lazy\" data-src=\"https:\/\/www.dermerklinger.de\/wp-content\/uploads\/2024\/03\/25_DerMerklinger_Holzbackofen_Bobby_Freisteller_Showroom_digi.jpg\" alt=\"25_DerMerklinger_Holzbackofen_Bobby_Freisteller_Showroom_digi\" \/><div class=\"swiper-lazy-preloader\"><\/div><\/figure><\/div>\t\t\t<\/div>\n\t\t\t\t\t\t\t\n\t\t\t\t\t\t\t\t\t<\/div>\n\t\t\t\t\t\t<\/div>\n\t\t\t\t<\/div>\n\t\t\t\t<\/div>\n\t\t<div class=\"elementor-element elementor-element-09be0bb e-ecs-flex e-flex e-con-boxed e-con e-child\" data-id=\"09be0bb\" data-element_type=\"container\" data-e-type=\"container\" data-settings=\"{&quot;ecs_container_type&quot;:&quot;flex&quot;}\">\n\t\t\t\t\t<div class=\"e-con-inner\">\n\t\t\t\t<div class=\"elementor-element elementor-element-d004a3d elementor-widget elementor-widget-heading\" data-id=\"d004a3d\" data-element_type=\"widget\" data-e-type=\"widget\" data-widget_type=\"heading.default\">\n\t\t\t\t<div class=\"elementor-widget-container\">\n\t\t\t\t\t<h2 class=\"elementor-heading-title elementor-size-default\">Vielseitig, Modular, Mobil.<\/h2>\t\t\t\t<\/div>\n\t\t\t\t<\/div>\n\t\t\t\t<div class=\"elementor-element elementor-element-7b0c42a hp elementor-hidden-tablet elementor-hidden-mobile elementor-widget elementor-widget-text-editor\" data-id=\"7b0c42a\" data-element_type=\"widget\" data-e-type=\"widget\" data-widget_type=\"text-editor.default\">\n\t\t\t\t<div class=\"elementor-widget-container\">\n\t\t\t\t\t\t\t\t\t<p>Verbringe noch mehr Zeit mit deinen Liebsten drau\u00dfen im Garten bei kulinarischen Genussmomenten: Die Merklinger Outdoork\u00fcche ist die ideale Erweiterung unseres Holzbackofens.<\/p>\n<ul>\n<li>F\u00fcr <strong>gemeinsames Vorbereiten<\/strong> und Kochen mit der ganzen Familie<\/li>\n<li>W\u00e4chst mit deinen Anspr\u00fcchen: <strong>Erweiterbar<\/strong>, rundum nutzbar<\/li>\n<li><strong>Volle Flexibilit\u00e4t<\/strong> durch <strong>mobile Module<\/strong> &amp; frei stehend<\/li>\n<li><strong>Einbau-Look<\/strong> m\u00f6glich mithilfe unserer magnetischen Frontblenden aus Stahl<\/li>\n<\/ul>\t\t\t\t\t\t\t\t<\/div>\n\t\t\t\t<\/div>\n\t\t\t\t<div class=\"elementor-element elementor-element-3cc6d57 hp elementor-hidden-desktop elementor-widget elementor-widget-text-editor\" data-id=\"3cc6d57\" data-element_type=\"widget\" data-e-type=\"widget\" data-widget_type=\"text-editor.default\">\n\t\t\t\t<div class=\"elementor-widget-container\">\n\t\t\t\t\t\t\t\t\t<ul><li>F\u00fcr <strong>gemeinsames Vorbereiten<\/strong> und Kochen mit der ganzen Familie<\/li><li>W\u00e4chst mit deinen Anspr\u00fcchen: <strong>Erweiterbar<\/strong>, rundum nutzbar<\/li><li><strong>Volle Flexibilit\u00e4t<\/strong> durch <strong>mobile Module<\/strong> &amp; frei stehend<\/li><li><strong>Einbau-Look<\/strong> m\u00f6glich mithilfe unserer magnetischen Frontblenden aus Stahl<\/li><\/ul>\t\t\t\t\t\t\t\t<\/div>\n\t\t\t\t<\/div>\n\t\t\t\t\t<\/div>\n\t\t\t\t<\/div>\n\t\t\t\t\t<\/div>\n\t\t\t\t<\/div>\n\t\t<div class=\"elementor-element elementor-element-ad36b5d e-ecs-flex e-flex e-con-boxed e-con e-parent\" data-id=\"ad36b5d\" data-element_type=\"container\" data-e-type=\"container\" data-settings=\"{&quot;background_background&quot;:&quot;classic&quot;,&quot;ecs_container_type&quot;:&quot;flex&quot;}\">\n\t\t\t\t\t<div class=\"e-con-inner\">\n\t\t<div class=\"elementor-element elementor-element-9c642eb e-ecs-flex e-flex e-con-boxed e-con e-child\" data-id=\"9c642eb\" data-element_type=\"container\" data-e-type=\"container\" data-settings=\"{&quot;ecs_container_type&quot;:&quot;flex&quot;}\">\n\t\t\t\t\t<div class=\"e-con-inner\">\n\t\t\t\t<div class=\"elementor-element elementor-element-32d1fe9 elementor-widget elementor-widget-heading\" data-id=\"32d1fe9\" data-element_type=\"widget\" data-e-type=\"widget\" data-widget_type=\"heading.default\">\n\t\t\t\t<div class=\"elementor-widget-container\">\n\t\t\t\t\t<h2 class=\"elementor-heading-title elementor-size-default\">Ehrlich, bodenst\u00e4ndig, hochwertig.<\/h2>\t\t\t\t<\/div>\n\t\t\t\t<\/div>\n\t\t\t\t<div class=\"elementor-element elementor-element-3528175 hp elementor-widget elementor-widget-text-editor\" data-id=\"3528175\" data-element_type=\"widget\" data-e-type=\"widget\" data-widget_type=\"text-editor.default\">\n\t\t\t\t<div class=\"elementor-widget-container\">\n\t\t\t\t\t\t\t\t\t<ul><li>In <strong>Hand\u00adarbeit<\/strong> hergestellt in Bayern<\/li><li><strong class=\"hp\">Hochwertigste, langlebige und robuste Materialien<\/strong> (Granito\u00adberfl\u00e4chen, pulverbeschichteter Stahl und L\u00e4rchenholz)<\/li><li>Extrem <strong>viel Stauraum:<\/strong>\u00a0bis zu 400 Liter je Modul<\/li><li>Mit <strong>Wasch\u00adbecken und K\u00fchlschrank<\/strong><\/li><li><strong>Tiefe Schubladen:<\/strong> bis zu 65cm<\/li><\/ul>\t\t\t\t\t\t\t\t<\/div>\n\t\t\t\t<\/div>\n\t\t\t\t\t<\/div>\n\t\t\t\t<\/div>\n\t\t<div class=\"elementor-element elementor-element-18be4da e-ecs-flex e-flex e-con-boxed e-con e-child\" data-id=\"18be4da\" data-element_type=\"container\" data-e-type=\"container\" data-settings=\"{&quot;ecs_container_type&quot;:&quot;flex&quot;}\">\n\t\t\t\t\t<div class=\"e-con-inner\">\n\t\t\t\t<div class=\"elementor-element elementor-element-2f1073b elementor-widget elementor-widget-video\" data-id=\"2f1073b\" data-element_type=\"widget\" data-e-type=\"widget\" data-settings=\"{&quot;youtube_url&quot;:&quot;https:\\\/\\\/youtu.be\\\/hLvS0nyXnSE&quot;,&quot;autoplay&quot;:&quot;yes&quot;,&quot;play_on_mobile&quot;:&quot;yes&quot;,&quot;loop&quot;:&quot;yes&quot;,&quot;yt_privacy&quot;:&quot;yes&quot;,&quot;video_type&quot;:&quot;youtube&quot;,&quot;controls&quot;:&quot;yes&quot;}\" data-widget_type=\"video.default\">\n\t\t\t\t<div class=\"elementor-widget-container\">\n\t\t\t\t\t\t\t<div class=\"elementor-wrapper elementor-open-inline\">\n\t\t\t<div class=\"elementor-video\"><\/div>\t\t<\/div>\n\t\t\t\t\t\t<\/div>\n\t\t\t\t<\/div>\n\t\t\t\t\t<\/div>\n\t\t\t\t<\/div>\n\t\t\t\t\t<\/div>\n\t\t\t\t<\/div>\n\t\t<div class=\"elementor-element elementor-element-e570151 e-ecs-flex e-flex e-con-boxed e-con e-parent\" data-id=\"e570151\" data-element_type=\"container\" data-e-type=\"container\" data-settings=\"{&quot;ecs_container_type&quot;:&quot;flex&quot;}\">\n\t\t\t\t\t<div class=\"e-con-inner\">\n\t\t\t\t<div class=\"elementor-element elementor-element-37f1823 elementor-widget elementor-widget-spacer\" data-id=\"37f1823\" data-element_type=\"widget\" data-e-type=\"widget\" data-widget_type=\"spacer.default\">\n\t\t\t\t<div class=\"elementor-widget-container\">\n\t\t\t\t\t\t\t<div class=\"elementor-spacer\">\n\t\t\t<div class=\"elementor-spacer-inner\"><\/div>\n\t\t<\/div>\n\t\t\t\t\t\t<\/div>\n\t\t\t\t<\/div>\n\t\t\t\t\t<\/div>\n\t\t\t\t<\/div>\n\t\t<div class=\"elementor-element elementor-element-7ebe49f elementor-hidden-tablet elementor-hidden-mobile e-ecs-flex e-flex e-con-boxed e-con e-parent\" data-id=\"7ebe49f\" data-element_type=\"container\" data-e-type=\"container\" data-settings=\"{&quot;ecs_container_type&quot;:&quot;flex&quot;}\">\n\t\t\t\t\t<div class=\"e-con-inner\">\n\t\t<div class=\"elementor-element elementor-element-72e5e03 e-con-full e-ecs-flex e-flex e-con e-child\" data-id=\"72e5e03\" data-element_type=\"container\" data-e-type=\"container\" data-settings=\"{&quot;ecs_container_type&quot;:&quot;flex&quot;}\">\n\t\t\t\t<div class=\"elementor-element elementor-element-17779a8 elementor-widget elementor-widget-image-carousel\" data-id=\"17779a8\" data-element_type=\"widget\" data-e-type=\"widget\" data-settings=\"{&quot;slides_to_show&quot;:&quot;1&quot;,&quot;navigation&quot;:&quot;none&quot;,&quot;lazyload&quot;:&quot;yes&quot;,&quot;pause_on_hover&quot;:&quot;no&quot;,&quot;effect&quot;:&quot;fade&quot;,&quot;autoplay&quot;:&quot;yes&quot;,&quot;pause_on_interaction&quot;:&quot;yes&quot;,&quot;autoplay_speed&quot;:5000,&quot;infinite&quot;:&quot;yes&quot;,&quot;speed&quot;:500}\" data-widget_type=\"image-carousel.default\">\n\t\t\t\t<div class=\"elementor-widget-container\">\n\t\t\t\t\t\t\t<div class=\"elementor-image-carousel-wrapper swiper\" role=\"region\" aria-roledescription=\"carousel\" aria-label=\"Bild Karussell\" dir=\"ltr\">\n\t\t\t<div class=\"elementor-image-carousel swiper-wrapper swiper-image-stretch\" aria-live=\"off\">\n\t\t\t\t\t\t\t\t<div class=\"swiper-slide\" role=\"group\" aria-roledescription=\"slide\" aria-label=\"1 von 4\"><figure class=\"swiper-slide-inner\"><img class=\"swiper-slide-image swiper-lazy\" data-src=\"https:\/\/www.dermerklinger.de\/wp-content\/uploads\/2023\/05\/Merklinger_Holzbackofen_Pizzaofen_05_Merklinger_Outdoorkueche_Slider_Detail_Kuehlschrank_01.jpg\" alt=\"Merklinger_Holzbackofen_Pizzaofen_05_Merklinger_Outdoorku\u0308che_Slider_Detail_Ku\u0308hlschrank_01\" \/><div class=\"swiper-lazy-preloader\"><\/div><\/figure><\/div><div class=\"swiper-slide\" role=\"group\" aria-roledescription=\"slide\" aria-label=\"2 von 4\"><figure class=\"swiper-slide-inner\"><img class=\"swiper-slide-image swiper-lazy\" data-src=\"https:\/\/www.dermerklinger.de\/wp-content\/uploads\/2023\/05\/Merklinger_Holzbackofen_Pizzaofen_05_Merklinger_Outdoorkueche_Slider_Detail_Granit_02.jpg\" alt=\"Merklinger_Holzbackofen_Pizzaofen_05_Merklinger_Outdoorku\u0308che_Slider_Detail_Granit_02\" \/><div class=\"swiper-lazy-preloader\"><\/div><\/figure><\/div><div class=\"swiper-slide\" role=\"group\" aria-roledescription=\"slide\" aria-label=\"3 von 4\"><figure class=\"swiper-slide-inner\"><img class=\"swiper-slide-image swiper-lazy\" data-src=\"https:\/\/www.dermerklinger.de\/wp-content\/uploads\/2023\/05\/Merklinger_Holzbackofen_Pizzaofen_05_Merklinger_Outdoorkueche_Slider_Detail_Edelstahlspuelbecken_03.jpg\" alt=\"Merklinger_Holzbackofen_Pizzaofen_05_Merklinger_Outdoorku\u0308che_Slider_Detail_Edelstahlspu\u0308lbecken_03\" \/><div class=\"swiper-lazy-preloader\"><\/div><\/figure><\/div><div class=\"swiper-slide\" role=\"group\" aria-roledescription=\"slide\" aria-label=\"4 von 4\"><figure class=\"swiper-slide-inner\"><img class=\"swiper-slide-image swiper-lazy\" data-src=\"https:\/\/www.dermerklinger.de\/wp-content\/uploads\/2023\/05\/Merklinger_Holzbackofen_Pizzaofen_05_Merklinger_Outdoorkueche_Slider_Detail_Blende_Einbaulook_04.jpg\" alt=\"Merklinger_Holzbackofen_Pizzaofen_05_Merklinger_Outdoorku\u0308che_Slider_Detail_Blende_Einbaulook_04\" \/><div class=\"swiper-lazy-preloader\"><\/div><\/figure><\/div>\t\t\t<\/div>\n\t\t\t\t\t\t\t\n\t\t\t\t\t\t\t\t\t<\/div>\n\t\t\t\t\t\t<\/div>\n\t\t\t\t<\/div>\n\t\t\t\t<\/div>\n\t\t<div class=\"elementor-element elementor-element-9286fcf e-ecs-flex e-flex e-con-boxed e-con e-child\" data-id=\"9286fcf\" data-element_type=\"container\" data-e-type=\"container\" data-settings=\"{&quot;ecs_container_type&quot;:&quot;flex&quot;}\">\n\t\t\t\t\t<div class=\"e-con-inner\">\n\t\t\t\t<div class=\"elementor-element elementor-element-5af0ca6 elementor-widget elementor-widget-heading\" data-id=\"5af0ca6\" data-element_type=\"widget\" data-e-type=\"widget\" data-widget_type=\"heading.default\">\n\t\t\t\t<div class=\"elementor-widget-container\">\n\t\t\t\t\t<h2 class=\"elementor-heading-title elementor-size-default\">Funktional im Detail.<\/h2>\t\t\t\t<\/div>\n\t\t\t\t<\/div>\n\t\t\t\t<div class=\"elementor-element elementor-element-4f64101 hp elementor-widget elementor-widget-text-editor\" data-id=\"4f64101\" data-element_type=\"widget\" data-e-type=\"widget\" data-widget_type=\"text-editor.default\">\n\t\t\t\t<div class=\"elementor-widget-container\">\n\t\t\t\t\t\t\t\t\t<p>Durch die gro\u00dfe Arbeitsfl\u00e4che aus Granit und den gro\u00dfz\u00fcgigen Stauraum hast du alles griffbereit. Eine Feststellbremse sorgt f\u00fcr Sicherheit beim Hantieren. Der Rahmen aus pulverbeschichtetem Stahl ist wetterfest und korrosionsbest\u00e4ndig.<\/p><ul><li><strong>Premium K\u00fchlschrank mit LED-Innenbeleuchtung<\/strong>, 63 Liter Lagervolumen und 3 lagigem Isolier-Sicherheitsglas mit UV-Filter f\u00fcr optimalen Lichtschutz<\/li><li><strong>Gro\u00dfe hitze- und k\u00e4ltebest\u00e4ndige Granitoberfl\u00e4che,<\/strong> hygienisch und ideal zum Vorbereiten, Abstellen und Anrichten.<\/li><li><strong>Modernes Edelstahl Sp\u00fclbecken<\/strong> mit Abtropffl\u00e4che und ausziehbarer Brause.<\/li><li><strong>Einbau Look<\/strong> aber dennoch mobil mit unserer Frontblende.<\/li><\/ul>\t\t\t\t\t\t\t\t<\/div>\n\t\t\t\t<\/div>\n\t\t\t\t\t<\/div>\n\t\t\t\t<\/div>\n\t\t\t\t\t<\/div>\n\t\t\t\t<\/div>\n\t\t<div class=\"elementor-element elementor-element-01955c5 elementor-hidden-desktop e-ecs-flex e-flex e-con-boxed e-con e-parent\" data-id=\"01955c5\" data-element_type=\"container\" data-e-type=\"container\" data-settings=\"{&quot;ecs_container_type&quot;:&quot;flex&quot;}\">\n\t\t\t\t\t<div class=\"e-con-inner\">\n\t\t<div class=\"elementor-element elementor-element-a1820c9 e-ecs-flex e-flex e-con-boxed e-con e-child\" data-id=\"a1820c9\" data-element_type=\"container\" data-e-type=\"container\" data-settings=\"{&quot;ecs_container_type&quot;:&quot;flex&quot;}\">\n\t\t\t\t\t<div class=\"e-con-inner\">\n\t\t\t\t<div class=\"elementor-element elementor-element-58dbab5 elementor-widget elementor-widget-heading\" data-id=\"58dbab5\" data-element_type=\"widget\" data-e-type=\"widget\" data-widget_type=\"heading.default\">\n\t\t\t\t<div class=\"elementor-widget-container\">\n\t\t\t\t\t<h2 class=\"elementor-heading-title elementor-size-default\">Funktional im Detail.<\/h2>\t\t\t\t<\/div>\n\t\t\t\t<\/div>\n\t\t\t\t<div class=\"elementor-element elementor-element-b7e9ca9 hp elementor-widget elementor-widget-text-editor\" data-id=\"b7e9ca9\" data-element_type=\"widget\" data-e-type=\"widget\" data-widget_type=\"text-editor.default\">\n\t\t\t\t<div class=\"elementor-widget-container\">\n\t\t\t\t\t\t\t\t\t<p>Durch die gro\u00dfe Arbeitsfl\u00e4che aus Granit und den volumin\u00f6sen Stauraum hast du alles griffbereit. Eine Feststellbremse sorgt f\u00fcr Sicherheit beim Hantieren. Der Rahmen aus pulverbeschichtetem Stahl ist wetterfest und rostet nicht.<\/p>\t\t\t\t\t\t\t\t<\/div>\n\t\t\t\t<\/div>\n\t\t\t\t\t<\/div>\n\t\t\t\t<\/div>\n\t\t\t\t\t<\/div>\n\t\t\t\t<\/div>\n\t\t<div class=\"elementor-element elementor-element-2cc644e elementor-hidden-desktop e-ecs-flex e-flex e-con-boxed e-con e-parent\" data-id=\"2cc644e\" data-element_type=\"container\" data-e-type=\"container\" data-settings=\"{&quot;ecs_container_type&quot;:&quot;flex&quot;}\">\n\t\t\t\t\t<div class=\"e-con-inner\">\n\t\t\t\t\t<\/div>\n\t\t\t\t<\/div>\n\t\t<div class=\"elementor-element elementor-element-3984a5a e-ecs-flex e-flex e-con-boxed e-con e-parent\" data-id=\"3984a5a\" data-element_type=\"container\" data-e-type=\"container\" data-settings=\"{&quot;background_background&quot;:&quot;classic&quot;,&quot;ecs_container_type&quot;:&quot;flex&quot;}\">\n\t\t\t\t\t<div class=\"e-con-inner\">\n\t\t\t\t<div class=\"elementor-element elementor-element-37dbd97 elementor-widget elementor-widget-heading\" data-id=\"37dbd97\" data-element_type=\"widget\" data-e-type=\"widget\" data-widget_type=\"heading.default\">\n\t\t\t\t<div class=\"elementor-widget-container\">\n\t\t\t\t\t<h2 class=\"elementor-heading-title elementor-size-default\">Unsere beliebtesten Konfigurationen<\/h2>\t\t\t\t<\/div>\n\t\t\t\t<\/div>\n\t\t\t\t<div class=\"elementor-element elementor-element-223fb1d elementor-widget__width-initial elementor-widget elementor-widget-text-editor\" data-id=\"223fb1d\" data-element_type=\"widget\" data-e-type=\"widget\" data-widget_type=\"text-editor.default\">\n\t\t\t\t<div class=\"elementor-widget-container\">\n\t\t\t\t\t\t\t\t\t<p>M\u00f6chtest du eine Outdoork\u00fcche, die du flexibel stellen und verstellen kannst, z.B. eine L- Form, eine U-Form oder in gerader Linie? Alles kein Problem.<\/p>\t\t\t\t\t\t\t\t<\/div>\n\t\t\t\t<\/div>\n\t\t<div class=\"elementor-element elementor-element-f0c3427 e-ecs-flex e-flex e-con-boxed e-con e-child\" data-id=\"f0c3427\" data-element_type=\"container\" data-e-type=\"container\" data-settings=\"{&quot;ecs_container_type&quot;:&quot;flex&quot;}\">\n\t\t\t\t\t<div class=\"e-con-inner\">\n\t\t<div class=\"elementor-element elementor-element-5bcbe78 e-ecs-flex e-flex e-con-boxed e-con e-child\" data-id=\"5bcbe78\" data-element_type=\"container\" data-e-type=\"container\" data-settings=\"{&quot;ecs_container_type&quot;:&quot;flex&quot;}\">\n\t\t\t\t\t<div class=\"e-con-inner\">\n\t\t\t\t<div class=\"elementor-element elementor-element-0c124e8 elementor-hidden-tablet elementor-hidden-mobile elementor-widget elementor-widget-image-carousel\" data-id=\"0c124e8\" data-element_type=\"widget\" data-e-type=\"widget\" data-settings=\"{&quot;slides_to_show&quot;:&quot;1&quot;,&quot;navigation&quot;:&quot;none&quot;,&quot;lazyload&quot;:&quot;yes&quot;,&quot;autoplay_speed&quot;:3000,&quot;effect&quot;:&quot;fade&quot;,&quot;autoplay&quot;:&quot;yes&quot;,&quot;pause_on_hover&quot;:&quot;yes&quot;,&quot;pause_on_interaction&quot;:&quot;yes&quot;,&quot;infinite&quot;:&quot;yes&quot;,&quot;speed&quot;:500}\" data-widget_type=\"image-carousel.default\">\n\t\t\t\t<div class=\"elementor-widget-container\">\n\t\t\t\t\t\t\t<div class=\"elementor-image-carousel-wrapper swiper\" role=\"region\" aria-roledescription=\"carousel\" aria-label=\"Bild Karussell\" dir=\"ltr\">\n\t\t\t<div class=\"elementor-image-carousel swiper-wrapper\" aria-live=\"off\">\n\t\t\t\t\t\t\t\t<div class=\"swiper-slide\" role=\"group\" aria-roledescription=\"slide\" aria-label=\"1 von 5\"><figure class=\"swiper-slide-inner\"><img class=\"swiper-slide-image swiper-lazy\" data-src=\"https:\/\/www.dermerklinger.de\/wp-content\/uploads\/2023\/05\/Merklinger_Holzbackofen_Pizzaofen_06_Merklinger_Outdoorkueche_Konfiguration_Slider_06.jpg\" alt=\"Merklinger_Holzbackofen_Pizzaofen_06_Merklinger_Outdoorku\u0308che_Konfiguration_Slider_06\" \/><div class=\"swiper-lazy-preloader\"><\/div><\/figure><\/div><div class=\"swiper-slide\" role=\"group\" aria-roledescription=\"slide\" aria-label=\"2 von 5\"><figure class=\"swiper-slide-inner\"><img class=\"swiper-slide-image swiper-lazy\" data-src=\"https:\/\/www.dermerklinger.de\/wp-content\/uploads\/2024\/03\/21_DerMerklinger_Holzbackofen_Bobby_Freisteller_Showroom_digi-1536x1024.jpg\" alt=\"21_DerMerklinger_Holzbackofen_Bobby_Freisteller_Showroom_digi\" \/><div class=\"swiper-lazy-preloader\"><\/div><\/figure><\/div><div class=\"swiper-slide\" role=\"group\" aria-roledescription=\"slide\" aria-label=\"3 von 5\"><figure class=\"swiper-slide-inner\"><img class=\"swiper-slide-image swiper-lazy\" data-src=\"https:\/\/www.dermerklinger.de\/wp-content\/uploads\/2023\/05\/Merklinger_Holzbackofen_Pizzaofen_06_Merklinger_Outdoorkueche_Konfiguration_Slider_05.jpg\" alt=\"Merklinger_Holzbackofen_Pizzaofen_06_Merklinger_Outdoorku\u0308che_Konfiguration_Slider_05\" \/><div class=\"swiper-lazy-preloader\"><\/div><\/figure><\/div><div class=\"swiper-slide\" role=\"group\" aria-roledescription=\"slide\" aria-label=\"4 von 5\"><figure class=\"swiper-slide-inner\"><img class=\"swiper-slide-image swiper-lazy\" data-src=\"https:\/\/www.dermerklinger.de\/wp-content\/uploads\/2024\/03\/25_DerMerklinger_Holzbackofen_Bobby_Freisteller_Showroom_digi-1536x1024.jpg\" alt=\"25_DerMerklinger_Holzbackofen_Bobby_Freisteller_Showroom_digi\" \/><div class=\"swiper-lazy-preloader\"><\/div><\/figure><\/div><div class=\"swiper-slide\" role=\"group\" aria-roledescription=\"slide\" aria-label=\"5 von 5\"><figure class=\"swiper-slide-inner\"><img class=\"swiper-slide-image swiper-lazy\" data-src=\"https:\/\/www.dermerklinger.de\/wp-content\/uploads\/2023\/05\/Merklinger_Holzbackofen_Pizzaofen_06_Merklinger_Outdoorkueche_Konfiguration_Slider_03.jpg\" alt=\"Merklinger_Holzbackofen_Pizzaofen_06_Merklinger_Outdoorku\u0308che_Konfiguration_Slider_03\" \/><div class=\"swiper-lazy-preloader\"><\/div><\/figure><\/div>\t\t\t<\/div>\n\t\t\t\t\t\t\t\n\t\t\t\t\t\t\t\t\t<\/div>\n\t\t\t\t\t\t<\/div>\n\t\t\t\t<\/div>\n\t\t\t\t<div class=\"elementor-element elementor-element-2d2a647 elementor-align-center no-a elementor-hidden-tablet elementor-hidden-mobile elementor-widget elementor-widget-button\" data-id=\"2d2a647\" data-element_type=\"widget\" data-e-type=\"widget\" data-widget_type=\"button.default\">\n\t\t\t\t<div class=\"elementor-widget-container\">\n\t\t\t\t\t\t\t\t\t<div class=\"elementor-button-wrapper\">\n\t\t\t\t\t<a class=\"elementor-button elementor-button-link elementor-size-sm\" href=\"https:\/\/shop.dermerklinger.de\/collections\/outdoorkueche\">\n\t\t\t\t\t\t<span class=\"elementor-button-content-wrapper\">\n\t\t\t\t\t\t\t\t\t<span class=\"elementor-button-text\">Konfiguration kaufen<\/span>\n\t\t\t\t\t<\/span>\n\t\t\t\t\t<\/a>\n\t\t\t\t<\/div>\n\t\t\t\t\t\t\t\t<\/div>\n\t\t\t\t<\/div>\n\t\t\t\t\t<\/div>\n\t\t\t\t<\/div>\n\t\t<div class=\"elementor-element elementor-element-633ebd0 elementor-hidden-mobile e-ecs-flex e-flex e-con-boxed e-con e-child\" data-id=\"633ebd0\" data-element_type=\"container\" data-e-type=\"container\" data-settings=\"{&quot;ecs_container_type&quot;:&quot;flex&quot;}\">\n\t\t\t\t\t<div class=\"e-con-inner\">\n\t\t<div class=\"elementor-element elementor-element-55da3f8 e-con-full e-ecs-flex e-flex e-con e-child\" data-id=\"55da3f8\" data-element_type=\"container\" data-e-type=\"container\" data-settings=\"{&quot;ecs_container_type&quot;:&quot;flex&quot;}\">\n\t\t\t\t<div class=\"elementor-element elementor-element-0ba7f95 elementor-widget elementor-widget-image\" data-id=\"0ba7f95\" data-element_type=\"widget\" data-e-type=\"widget\" data-widget_type=\"image.default\">\n\t\t\t\t<div class=\"elementor-widget-container\">\n\t\t\t\t\t\t\t\t\t\t\t\t\t\t\t\t<a href=\"https:\/\/shop.dermerklinger.de\/collections\/outdoorkueche\/products\/outdoorkueche-chefkoch\">\n\t\t\t\t\t\t\t<img fetchpriority=\"high\" decoding=\"async\" width=\"418\" height=\"275\" src=\"https:\/\/www.dermerklinger.de\/wp-content\/uploads\/2023\/03\/Merklinger_Holzbackofen_Pizzaofen_07_Merklinger_Outdoorkueche_Konfiguration_01.jpg\" class=\"attachment-medium_large size-medium_large wp-image-28598\" alt=\"\" srcset=\"https:\/\/www.dermerklinger.de\/wp-content\/uploads\/2023\/03\/Merklinger_Holzbackofen_Pizzaofen_07_Merklinger_Outdoorkueche_Konfiguration_01.jpg 418w, https:\/\/www.dermerklinger.de\/wp-content\/uploads\/2023\/03\/Merklinger_Holzbackofen_Pizzaofen_07_Merklinger_Outdoorkueche_Konfiguration_01-300x197.jpg 300w, https:\/\/www.dermerklinger.de\/wp-content\/uploads\/2023\/03\/Merklinger_Holzbackofen_Pizzaofen_07_Merklinger_Outdoorkueche_Konfiguration_01-350x230.jpg 350w\" sizes=\"(max-width: 418px) 100vw, 418px\" \/>\t\t\t\t\t\t\t\t<\/a>\n\t\t\t\t\t\t\t\t\t\t\t\t\t\t\t<\/div>\n\t\t\t\t<\/div>\n\t\t\t\t<div class=\"elementor-element elementor-element-13cbbc6 no-p elementor-widget elementor-widget-text-editor\" data-id=\"13cbbc6\" data-element_type=\"widget\" data-e-type=\"widget\" data-widget_type=\"text-editor.default\">\n\t\t\t\t<div class=\"elementor-widget-container\">\n\t\t\t\t\t\t\t\t\t<p><strong>Outdoork\u00fcche Chefkoch<\/strong><\/p>\t\t\t\t\t\t\t\t<\/div>\n\t\t\t\t<\/div>\n\t\t\t\t<div class=\"elementor-element elementor-element-94aae55 no-p elementor-widget elementor-widget-text-editor\" data-id=\"94aae55\" data-element_type=\"widget\" data-e-type=\"widget\" data-widget_type=\"text-editor.default\">\n\t\t\t\t<div class=\"elementor-widget-container\">\n\t\t\t\t\t\t\t\t\t<p>Merklinger 800 + Toni + Maria + Frontblenden<\/p>\t\t\t\t\t\t\t\t<\/div>\n\t\t\t\t<\/div>\n\t\t\t\t<\/div>\n\t\t<div class=\"elementor-element elementor-element-4579db4 e-con-full e-ecs-flex e-flex e-con e-child\" data-id=\"4579db4\" data-element_type=\"container\" data-e-type=\"container\" data-settings=\"{&quot;ecs_container_type&quot;:&quot;flex&quot;}\">\n\t\t\t\t<div class=\"elementor-element elementor-element-f8de3ca elementor-widget elementor-widget-image\" data-id=\"f8de3ca\" data-element_type=\"widget\" data-e-type=\"widget\" data-widget_type=\"image.default\">\n\t\t\t\t<div class=\"elementor-widget-container\">\n\t\t\t\t\t\t\t\t\t\t\t\t\t\t\t\t<a href=\"https:\/\/shop.dermerklinger.de\/collections\/outdoorkueche\/products\/outdoorkueche-stauraumwunder\">\n\t\t\t\t\t\t\t<img loading=\"lazy\" decoding=\"async\" width=\"418\" height=\"275\" src=\"https:\/\/www.dermerklinger.de\/wp-content\/uploads\/2023\/03\/Merklinger_Holzbackofen_Pizzaofen_07_Merklinger_Outdoorkueche_Konfiguration_02.jpg\" class=\"attachment-medium_large size-medium_large wp-image-28599\" alt=\"\" srcset=\"https:\/\/www.dermerklinger.de\/wp-content\/uploads\/2023\/03\/Merklinger_Holzbackofen_Pizzaofen_07_Merklinger_Outdoorkueche_Konfiguration_02.jpg 418w, https:\/\/www.dermerklinger.de\/wp-content\/uploads\/2023\/03\/Merklinger_Holzbackofen_Pizzaofen_07_Merklinger_Outdoorkueche_Konfiguration_02-300x197.jpg 300w, https:\/\/www.dermerklinger.de\/wp-content\/uploads\/2023\/03\/Merklinger_Holzbackofen_Pizzaofen_07_Merklinger_Outdoorkueche_Konfiguration_02-350x230.jpg 350w\" sizes=\"(max-width: 418px) 100vw, 418px\" \/>\t\t\t\t\t\t\t\t<\/a>\n\t\t\t\t\t\t\t\t\t\t\t\t\t\t\t<\/div>\n\t\t\t\t<\/div>\n\t\t\t\t<div class=\"elementor-element elementor-element-2464208 no-p elementor-widget elementor-widget-text-editor\" data-id=\"2464208\" data-element_type=\"widget\" data-e-type=\"widget\" data-widget_type=\"text-editor.default\">\n\t\t\t\t<div class=\"elementor-widget-container\">\n\t\t\t\t\t\t\t\t\t<p><strong>Outdoork\u00fcche Stauraumwunder<\/strong><\/p>\t\t\t\t\t\t\t\t<\/div>\n\t\t\t\t<\/div>\n\t\t\t\t<div class=\"elementor-element elementor-element-76bd071 no-p elementor-widget elementor-widget-text-editor\" data-id=\"76bd071\" data-element_type=\"widget\" data-e-type=\"widget\" data-widget_type=\"text-editor.default\">\n\t\t\t\t<div class=\"elementor-widget-container\">\n\t\t\t\t\t\t\t\t\t<p>Merklinger 800 + Irmi + Maria + Toni + Frontblenden<\/p>\t\t\t\t\t\t\t\t<\/div>\n\t\t\t\t<\/div>\n\t\t\t\t<\/div>\n\t\t<div class=\"elementor-element elementor-element-36a3671 e-con-full e-ecs-flex e-flex e-con e-child\" data-id=\"36a3671\" data-element_type=\"container\" data-e-type=\"container\" data-settings=\"{&quot;ecs_container_type&quot;:&quot;flex&quot;}\">\n\t\t\t\t<div class=\"elementor-element elementor-element-3dc69a3 elementor-widget elementor-widget-image\" data-id=\"3dc69a3\" data-element_type=\"widget\" data-e-type=\"widget\" data-widget_type=\"image.default\">\n\t\t\t\t<div class=\"elementor-widget-container\">\n\t\t\t\t\t\t\t\t\t\t\t\t\t\t\t\t<a href=\"https:\/\/shop.dermerklinger.de\/collections\/outdoorkueche\/products\/outdoorkueche-zauberplatz\">\n\t\t\t\t\t\t\t<img loading=\"lazy\" decoding=\"async\" width=\"418\" height=\"275\" src=\"https:\/\/www.dermerklinger.de\/wp-content\/uploads\/2023\/03\/Merklinger_Holzbackofen_Pizzaofen_07_Merklinger_Outdoorkueche_Konfiguration_03.jpg\" class=\"attachment-medium_large size-medium_large wp-image-28600\" alt=\"\" srcset=\"https:\/\/www.dermerklinger.de\/wp-content\/uploads\/2023\/03\/Merklinger_Holzbackofen_Pizzaofen_07_Merklinger_Outdoorkueche_Konfiguration_03.jpg 418w, https:\/\/www.dermerklinger.de\/wp-content\/uploads\/2023\/03\/Merklinger_Holzbackofen_Pizzaofen_07_Merklinger_Outdoorkueche_Konfiguration_03-300x197.jpg 300w, https:\/\/www.dermerklinger.de\/wp-content\/uploads\/2023\/03\/Merklinger_Holzbackofen_Pizzaofen_07_Merklinger_Outdoorkueche_Konfiguration_03-350x230.jpg 350w\" sizes=\"(max-width: 418px) 100vw, 418px\" \/>\t\t\t\t\t\t\t\t<\/a>\n\t\t\t\t\t\t\t\t\t\t\t\t\t\t\t<\/div>\n\t\t\t\t<\/div>\n\t\t\t\t<div class=\"elementor-element elementor-element-65c5efd no-p elementor-widget elementor-widget-text-editor\" data-id=\"65c5efd\" data-element_type=\"widget\" data-e-type=\"widget\" data-widget_type=\"text-editor.default\">\n\t\t\t\t<div class=\"elementor-widget-container\">\n\t\t\t\t\t\t\t\t\t<p><strong>Outdoork\u00fcche Zauberplatz<\/strong><\/p>\t\t\t\t\t\t\t\t<\/div>\n\t\t\t\t<\/div>\n\t\t\t\t<div class=\"elementor-element elementor-element-793e63d no-p elementor-widget elementor-widget-text-editor\" data-id=\"793e63d\" data-element_type=\"widget\" data-e-type=\"widget\" data-widget_type=\"text-editor.default\">\n\t\t\t\t<div class=\"elementor-widget-container\">\n\t\t\t\t\t\t\t\t\t<p>Merklinger 800 + Lotti + Maria + Frontblenden<\/p>\t\t\t\t\t\t\t\t<\/div>\n\t\t\t\t<\/div>\n\t\t\t\t<\/div>\n\t\t<div class=\"elementor-element elementor-element-bad4dc7 e-con-full e-ecs-flex e-flex e-con e-child\" data-id=\"bad4dc7\" data-element_type=\"container\" data-e-type=\"container\" data-settings=\"{&quot;ecs_container_type&quot;:&quot;flex&quot;}\">\n\t\t\t\t<div class=\"elementor-element elementor-element-5b4c455 elementor-widget elementor-widget-image\" data-id=\"5b4c455\" data-element_type=\"widget\" data-e-type=\"widget\" data-widget_type=\"image.default\">\n\t\t\t\t<div class=\"elementor-widget-container\">\n\t\t\t\t\t\t\t\t\t\t\t\t\t\t\t\t<a href=\"https:\/\/shop.dermerklinger.de\/collections\/outdoorkueche\/products\/outdoorkueche-platzhirsch\">\n\t\t\t\t\t\t\t<img loading=\"lazy\" decoding=\"async\" width=\"418\" height=\"275\" src=\"https:\/\/www.dermerklinger.de\/wp-content\/uploads\/2023\/03\/Merklinger_Holzbackofen_Pizzaofen_07_Merklinger_Outdoorkueche_Konfiguration_04.jpg\" class=\"attachment-medium_large size-medium_large wp-image-28601\" alt=\"\" srcset=\"https:\/\/www.dermerklinger.de\/wp-content\/uploads\/2023\/03\/Merklinger_Holzbackofen_Pizzaofen_07_Merklinger_Outdoorkueche_Konfiguration_04.jpg 418w, https:\/\/www.dermerklinger.de\/wp-content\/uploads\/2023\/03\/Merklinger_Holzbackofen_Pizzaofen_07_Merklinger_Outdoorkueche_Konfiguration_04-300x197.jpg 300w, https:\/\/www.dermerklinger.de\/wp-content\/uploads\/2023\/03\/Merklinger_Holzbackofen_Pizzaofen_07_Merklinger_Outdoorkueche_Konfiguration_04-350x230.jpg 350w\" sizes=\"(max-width: 418px) 100vw, 418px\" \/>\t\t\t\t\t\t\t\t<\/a>\n\t\t\t\t\t\t\t\t\t\t\t\t\t\t\t<\/div>\n\t\t\t\t<\/div>\n\t\t\t\t<div class=\"elementor-element elementor-element-6c3973e no-p elementor-widget elementor-widget-text-editor\" data-id=\"6c3973e\" data-element_type=\"widget\" data-e-type=\"widget\" data-widget_type=\"text-editor.default\">\n\t\t\t\t<div class=\"elementor-widget-container\">\n\t\t\t\t\t\t\t\t\t<p><strong>Outdoork\u00fcche Platzhirsch<\/strong><\/p>\t\t\t\t\t\t\t\t<\/div>\n\t\t\t\t<\/div>\n\t\t\t\t<div class=\"elementor-element elementor-element-9b67a49 no-p elementor-widget elementor-widget-text-editor\" data-id=\"9b67a49\" data-element_type=\"widget\" data-e-type=\"widget\" data-widget_type=\"text-editor.default\">\n\t\t\t\t<div class=\"elementor-widget-container\">\n\t\t\t\t\t\t\t\t\t<p>Merklinger 800 + Lotti + Maria + Toni + Frontblenden<\/p>\t\t\t\t\t\t\t\t<\/div>\n\t\t\t\t<\/div>\n\t\t\t\t<\/div>\n\t\t\t\t\t<\/div>\n\t\t\t\t<\/div>\n\t\t\t\t\t<\/div>\n\t\t\t\t<\/div>\n\t\t\t\t\t<\/div>\n\t\t\t\t<\/div>\n\t\t<div class=\"elementor-element elementor-element-6eeb092 e-ecs-flex e-flex e-con-boxed e-con e-parent\" data-id=\"6eeb092\" data-element_type=\"container\" data-e-type=\"container\" data-settings=\"{&quot;ecs_container_type&quot;:&quot;flex&quot;}\">\n\t\t\t\t\t<div class=\"e-con-inner\">\n\t\t\t\t<div class=\"elementor-element elementor-element-ae07e26 elementor--v-position-top elementor-hidden-desktop elementor--h-position-center elementor-arrows-position-inside elementor-widget elementor-widget-slides\" data-id=\"ae07e26\" data-element_type=\"widget\" data-e-type=\"widget\" data-settings=\"{&quot;navigation&quot;:&quot;arrows&quot;,&quot;autoplay&quot;:&quot;yes&quot;,&quot;pause_on_hover&quot;:&quot;yes&quot;,&quot;pause_on_interaction&quot;:&quot;yes&quot;,&quot;autoplay_speed&quot;:5000,&quot;infinite&quot;:&quot;yes&quot;,&quot;transition&quot;:&quot;slide&quot;,&quot;transition_speed&quot;:500}\" data-widget_type=\"slides.default\">\n\t\t\t\t<div class=\"elementor-widget-container\">\n\t\t\t\t\t\t\t\t\t<div class=\"elementor-swiper\">\n\t\t\t\t\t<div class=\"elementor-slides-wrapper elementor-main-swiper swiper\" role=\"region\" aria-roledescription=\"carousel\" aria-label=\"Slider\" dir=\"ltr\" data-animation=\"fadeInUp\">\n\t\t\t\t<div class=\"swiper-wrapper elementor-slides\">\n\t\t\t\t\t\t\t\t\t\t<div class=\"elementor-repeater-item-0137038 swiper-slide\" role=\"group\" aria-roledescription=\"slide\"><div class=\"swiper-slide-bg\" role=\"img\" aria-label=\"Merklinger_Holzbackofen_Pizzaofen_06_Merklinger_Outdoork\u00fcche_Konfiguration_Slider_01\"><\/div><div class=\"swiper-slide-inner\" ><div class=\"swiper-slide-contents\"><div class=\"elementor-slide-heading\">Outdoork\u00fcche Chefkoch<\/div><\/div><\/div><\/div><div class=\"elementor-repeater-item-68e686b swiper-slide\" role=\"group\" aria-roledescription=\"slide\"><div class=\"swiper-slide-bg\" role=\"img\" aria-label=\"Merklinger_Holzbackofen_Pizzaofen_06_Merklinger_Outdoork\u00fcche_Konfiguration_Slider_06\"><\/div><div class=\"swiper-slide-inner\" ><div class=\"swiper-slide-contents\"><div class=\"elementor-slide-heading\">Outdoork\u00fcche Platzhirsch<\/div><\/div><\/div><\/div><div class=\"elementor-repeater-item-59953e5 swiper-slide\" role=\"group\" aria-roledescription=\"slide\"><div class=\"swiper-slide-bg\" role=\"img\" aria-label=\"Merklinger_Holzbackofen_Pizzaofen_06_Merklinger_Outdoork\u00fcche_Konfiguration_Slider_02\"><\/div><div class=\"swiper-slide-inner\" ><div class=\"swiper-slide-contents\"><div class=\"elementor-slide-heading\">Outdoork\u00fcche Stauraumwunder<\/div><\/div><\/div><\/div><div class=\"elementor-repeater-item-a00e9cb swiper-slide\" role=\"group\" aria-roledescription=\"slide\"><div class=\"swiper-slide-bg\" role=\"img\" aria-label=\"Merklinger_Holzbackofen_Pizzaofen_06_Merklinger_Outdoork\u00fcche_Konfiguration_Slider_05\"><\/div><div class=\"swiper-slide-inner\" ><div class=\"swiper-slide-contents\"><div class=\"elementor-slide-heading\">Outdoork\u00fcche Zauberplatz<\/div><\/div><\/div><\/div>\t\t\t\t<\/div>\n\t\t\t\t\t\t\t\t\t\t\t\t\t\t\t<div class=\"elementor-swiper-button elementor-swiper-button-prev\" role=\"button\" tabindex=\"0\" aria-label=\"Vorheriges Dia\">\n\t\t\t\t\t\t\t<i aria-hidden=\"true\" class=\"eicon-chevron-left\"><\/i>\t\t\t\t\t\t<\/div>\n\t\t\t\t\t\t<div class=\"elementor-swiper-button elementor-swiper-button-next\" role=\"button\" tabindex=\"0\" aria-label=\"N\u00e4chste Folie\">\n\t\t\t\t\t\t\t<i aria-hidden=\"true\" class=\"eicon-chevron-right\"><\/i>\t\t\t\t\t\t<\/div>\n\t\t\t\t\t\t\t\t\t\t\t\t\t\t\t\t\t<\/div>\n\t\t\t\t<\/div>\n\t\t\t\t\t\t\t\t<\/div>\n\t\t\t\t<\/div>\n\t\t\t\t<div class=\"elementor-element elementor-element-054b5a7 elementor-align-center no-a elementor-widget__width-initial elementor-hidden-desktop elementor-widget elementor-widget-button\" data-id=\"054b5a7\" data-element_type=\"widget\" data-e-type=\"widget\" data-widget_type=\"button.default\">\n\t\t\t\t<div class=\"elementor-widget-container\">\n\t\t\t\t\t\t\t\t\t<div class=\"elementor-button-wrapper\">\n\t\t\t\t\t<a class=\"elementor-button elementor-button-link elementor-size-sm\" href=\"https:\/\/www.dermerklinger.de\/merklinger-shop\/#cat=outdoork\u00fcche\">\n\t\t\t\t\t\t<span class=\"elementor-button-content-wrapper\">\n\t\t\t\t\t\t\t\t\t<span class=\"elementor-button-text\">Konfiguration kaufen<\/span>\n\t\t\t\t\t<\/span>\n\t\t\t\t\t<\/a>\n\t\t\t\t<\/div>\n\t\t\t\t\t\t\t\t<\/div>\n\t\t\t\t<\/div>\n\t\t\t\t\t<\/div>\n\t\t\t\t<\/div>\n\t\t<div class=\"elementor-element elementor-element-03ea388 e-ecs-flex e-flex e-con-boxed e-con e-parent\" data-id=\"03ea388\" data-element_type=\"container\" data-e-type=\"container\" data-settings=\"{&quot;ecs_container_type&quot;:&quot;flex&quot;}\">\n\t\t\t\t\t<div class=\"e-con-inner\">\n\t\t\t\t<div class=\"elementor-element elementor-element-0ff2f12 elementor-hidden-mobile elementor-widget elementor-widget-heading\" data-id=\"0ff2f12\" data-element_type=\"widget\" data-e-type=\"widget\" data-widget_type=\"heading.default\">\n\t\t\t\t<div class=\"elementor-widget-container\">\n\t\t\t\t\t<h2 class=\"elementor-heading-title elementor-size-default\">Die Module \u2013 passgenau f\u00fcr deine Bed\u00fcrfnisse<\/h2>\t\t\t\t<\/div>\n\t\t\t\t<\/div>\n\t\t\t\t<div class=\"elementor-element elementor-element-5d4c216 elementor-hidden-desktop elementor-hidden-tablet elementor-widget elementor-widget-heading\" data-id=\"5d4c216\" data-element_type=\"widget\" data-e-type=\"widget\" data-widget_type=\"heading.default\">\n\t\t\t\t<div class=\"elementor-widget-container\">\n\t\t\t\t\t<h2 class=\"elementor-heading-title elementor-size-default\">Die Module \u2013 passgenau f\u00fcr dich<\/h2>\t\t\t\t<\/div>\n\t\t\t\t<\/div>\n\t\t\t\t<div class=\"elementor-element elementor-element-0f292d6 elementor-widget__width-initial elementor-widget elementor-widget-text-editor\" data-id=\"0f292d6\" data-element_type=\"widget\" data-e-type=\"widget\" data-widget_type=\"text-editor.default\">\n\t\t\t\t<div class=\"elementor-widget-container\">\n\t\t\t\t\t\t\t\t\t<p>Unsere modulare Au\u00dfenk\u00fcche ist komplett flexibel auf deine Bed\u00fcrfnisse angepasst. W\u00e4hle einfach aus unseren Lieblingsmodulen das Passende f\u00fcr dich aus.<\/p>\t\t\t\t\t\t\t\t<\/div>\n\t\t\t\t<\/div>\n\t\t<div class=\"elementor-element elementor-element-f692298 product-grid e-ecs-flex e-flex e-con-boxed e-con e-child\" data-id=\"f692298\" data-element_type=\"container\" data-e-type=\"container\" data-settings=\"{&quot;ecs_container_type&quot;:&quot;flex&quot;}\">\n\t\t\t\t\t<div class=\"e-con-inner\">\n\t\t<div class=\"elementor-element elementor-element-85a56aa e-con-full e-ecs-flex e-flex e-con e-child\" data-id=\"85a56aa\" data-element_type=\"container\" data-e-type=\"container\" data-settings=\"{&quot;ecs_container_type&quot;:&quot;flex&quot;}\">\n\t\t\t\t<div class=\"elementor-element elementor-element-a014078 elementor-widget elementor-widget-image\" data-id=\"a014078\" data-element_type=\"widget\" data-e-type=\"widget\" data-widget_type=\"image.default\">\n\t\t\t\t<div class=\"elementor-widget-container\">\n\t\t\t\t\t\t\t\t\t\t\t\t\t\t\t\t<a href=\"https:\/\/shop.dermerklinger.de\/collections\/outdoorkueche\/products\/outdoormodul-toni\">\n\t\t\t\t\t\t\t<img loading=\"lazy\" decoding=\"async\" width=\"375\" height=\"384\" src=\"https:\/\/www.dermerklinger.de\/wp-content\/uploads\/2023\/03\/Merklinger_Holzbackofen_Pizzaofen_Outdoorkueche_Modul_Toni_Spuele_01.jpg\" class=\"attachment-large size-large wp-image-28768\" alt=\"\" srcset=\"https:\/\/www.dermerklinger.de\/wp-content\/uploads\/2023\/03\/Merklinger_Holzbackofen_Pizzaofen_Outdoorkueche_Modul_Toni_Spuele_01.jpg 375w, https:\/\/www.dermerklinger.de\/wp-content\/uploads\/2023\/03\/Merklinger_Holzbackofen_Pizzaofen_Outdoorkueche_Modul_Toni_Spuele_01-293x300.jpg 293w, https:\/\/www.dermerklinger.de\/wp-content\/uploads\/2023\/03\/Merklinger_Holzbackofen_Pizzaofen_Outdoorkueche_Modul_Toni_Spuele_01-350x358.jpg 350w\" sizes=\"(max-width: 375px) 100vw, 375px\" \/>\t\t\t\t\t\t\t\t<\/a>\n\t\t\t\t\t\t\t\t\t\t\t\t\t\t\t<\/div>\n\t\t\t\t<\/div>\n\t\t\t\t<div class=\"elementor-element elementor-element-23ec805 no-p elementor-widget elementor-widget-text-editor\" data-id=\"23ec805\" data-element_type=\"widget\" data-e-type=\"widget\" data-widget_type=\"text-editor.default\">\n\t\t\t\t<div class=\"elementor-widget-container\">\n\t\t\t\t\t\t\t\t\t<p><strong>Toni<br \/><\/strong><\/p>\t\t\t\t\t\t\t\t<\/div>\n\t\t\t\t<\/div>\n\t\t\t\t<div class=\"elementor-element elementor-element-e5fec4b no-p elementor-widget elementor-widget-text-editor\" data-id=\"e5fec4b\" data-element_type=\"widget\" data-e-type=\"widget\" data-widget_type=\"text-editor.default\">\n\t\t\t\t<div class=\"elementor-widget-container\">\n\t\t\t\t\t\t\t\t\t<p>1 Sp\u00fclbecken,<br>2 T\u00fcren<\/p>\t\t\t\t\t\t\t\t<\/div>\n\t\t\t\t<\/div>\n\t\t\t\t<\/div>\n\t\t<div class=\"elementor-element elementor-element-0e38eff e-con-full e-ecs-flex e-flex e-con e-child\" data-id=\"0e38eff\" data-element_type=\"container\" data-e-type=\"container\" data-settings=\"{&quot;ecs_container_type&quot;:&quot;flex&quot;}\">\n\t\t\t\t<div class=\"elementor-element elementor-element-e5ad34a elementor-widget elementor-widget-image\" data-id=\"e5ad34a\" data-element_type=\"widget\" data-e-type=\"widget\" data-widget_type=\"image.default\">\n\t\t\t\t<div class=\"elementor-widget-container\">\n\t\t\t\t\t\t\t\t\t\t\t\t\t\t\t\t<a href=\"https:\/\/shop.dermerklinger.de\/collections\/outdoorkueche\/products\/outdoormodul-maria\">\n\t\t\t\t\t\t\t<img loading=\"lazy\" decoding=\"async\" width=\"375\" height=\"384\" src=\"https:\/\/www.dermerklinger.de\/wp-content\/uploads\/2023\/03\/Merklinger_Holzbackofen_Pizzaofen_Outdoorkueche_Modul_Maria_Kuehlschrank_02.jpg\" class=\"attachment-large size-large wp-image-28670\" alt=\"\" srcset=\"https:\/\/www.dermerklinger.de\/wp-content\/uploads\/2023\/03\/Merklinger_Holzbackofen_Pizzaofen_Outdoorkueche_Modul_Maria_Kuehlschrank_02.jpg 375w, https:\/\/www.dermerklinger.de\/wp-content\/uploads\/2023\/03\/Merklinger_Holzbackofen_Pizzaofen_Outdoorkueche_Modul_Maria_Kuehlschrank_02-293x300.jpg 293w, https:\/\/www.dermerklinger.de\/wp-content\/uploads\/2023\/03\/Merklinger_Holzbackofen_Pizzaofen_Outdoorkueche_Modul_Maria_Kuehlschrank_02-350x358.jpg 350w\" sizes=\"(max-width: 375px) 100vw, 375px\" \/>\t\t\t\t\t\t\t\t<\/a>\n\t\t\t\t\t\t\t\t\t\t\t\t\t\t\t<\/div>\n\t\t\t\t<\/div>\n\t\t\t\t<div class=\"elementor-element elementor-element-a489ce8 no-p elementor-widget elementor-widget-text-editor\" data-id=\"a489ce8\" data-element_type=\"widget\" data-e-type=\"widget\" data-widget_type=\"text-editor.default\">\n\t\t\t\t<div class=\"elementor-widget-container\">\n\t\t\t\t\t\t\t\t\t<p><strong>Maria<br \/><\/strong><\/p>\t\t\t\t\t\t\t\t<\/div>\n\t\t\t\t<\/div>\n\t\t\t\t<div class=\"elementor-element elementor-element-6707d5a no-p elementor-widget elementor-widget-text-editor\" data-id=\"6707d5a\" data-element_type=\"widget\" data-e-type=\"widget\" data-widget_type=\"text-editor.default\">\n\t\t\t\t<div class=\"elementor-widget-container\">\n\t\t\t\t\t\t\t\t\t<p>1 K\u00fchlschrank,<br \/><span style=\"color: var( --e-global-color-text ); text-align: var(--text-align); letter-spacing: -0.08px;\">3 Schubladen<\/span><\/p>\t\t\t\t\t\t\t\t<\/div>\n\t\t\t\t<\/div>\n\t\t\t\t<\/div>\n\t\t<div class=\"elementor-element elementor-element-f249596 e-con-full e-ecs-flex e-flex e-con e-child\" data-id=\"f249596\" data-element_type=\"container\" data-e-type=\"container\" data-settings=\"{&quot;ecs_container_type&quot;:&quot;flex&quot;}\">\n\t\t\t\t<div class=\"elementor-element elementor-element-9d090b2 elementor-widget elementor-widget-image\" data-id=\"9d090b2\" data-element_type=\"widget\" data-e-type=\"widget\" data-widget_type=\"image.default\">\n\t\t\t\t<div class=\"elementor-widget-container\">\n\t\t\t\t\t\t\t\t\t\t\t\t\t\t\t\t<a href=\"https:\/\/shop.dermerklinger.de\/collections\/outdoorkueche\/products\/outdoormodul-maxi\">\n\t\t\t\t\t\t\t<img loading=\"lazy\" decoding=\"async\" width=\"375\" height=\"384\" src=\"https:\/\/www.dermerklinger.de\/wp-content\/uploads\/2023\/03\/Merklinger_Holzbackofen_Pizzaofen_Outdoorkueche_Modul_Maxi_Kuehlschrank_03.jpg\" class=\"attachment-large size-large wp-image-28671\" alt=\"\" srcset=\"https:\/\/www.dermerklinger.de\/wp-content\/uploads\/2023\/03\/Merklinger_Holzbackofen_Pizzaofen_Outdoorkueche_Modul_Maxi_Kuehlschrank_03.jpg 375w, https:\/\/www.dermerklinger.de\/wp-content\/uploads\/2023\/03\/Merklinger_Holzbackofen_Pizzaofen_Outdoorkueche_Modul_Maxi_Kuehlschrank_03-293x300.jpg 293w, https:\/\/www.dermerklinger.de\/wp-content\/uploads\/2023\/03\/Merklinger_Holzbackofen_Pizzaofen_Outdoorkueche_Modul_Maxi_Kuehlschrank_03-350x358.jpg 350w\" sizes=\"(max-width: 375px) 100vw, 375px\" \/>\t\t\t\t\t\t\t\t<\/a>\n\t\t\t\t\t\t\t\t\t\t\t\t\t\t\t<\/div>\n\t\t\t\t<\/div>\n\t\t\t\t<div class=\"elementor-element elementor-element-edb0b84 no-p elementor-widget elementor-widget-text-editor\" data-id=\"edb0b84\" data-element_type=\"widget\" data-e-type=\"widget\" data-widget_type=\"text-editor.default\">\n\t\t\t\t<div class=\"elementor-widget-container\">\n\t\t\t\t\t\t\t\t\t<p><strong>Maxi<br \/><\/strong><\/p>\t\t\t\t\t\t\t\t<\/div>\n\t\t\t\t<\/div>\n\t\t\t\t<div class=\"elementor-element elementor-element-f997032 no-p elementor-widget elementor-widget-text-editor\" data-id=\"f997032\" data-element_type=\"widget\" data-e-type=\"widget\" data-widget_type=\"text-editor.default\">\n\t\t\t\t<div class=\"elementor-widget-container\">\n\t\t\t\t\t\t\t\t\t<p>2 K\u00fchlschr\u00e4nke<\/p>\t\t\t\t\t\t\t\t<\/div>\n\t\t\t\t<\/div>\n\t\t\t\t<\/div>\n\t\t<div class=\"elementor-element elementor-element-e679d50 e-con-full e-ecs-flex e-flex e-con e-child\" data-id=\"e679d50\" data-element_type=\"container\" data-e-type=\"container\" data-settings=\"{&quot;ecs_container_type&quot;:&quot;flex&quot;}\">\n\t\t\t\t<div class=\"elementor-element elementor-element-63cf7f8 elementor-widget elementor-widget-image\" data-id=\"63cf7f8\" data-element_type=\"widget\" data-e-type=\"widget\" data-widget_type=\"image.default\">\n\t\t\t\t<div class=\"elementor-widget-container\">\n\t\t\t\t\t\t\t\t\t\t\t\t\t\t\t\t<a href=\"https:\/\/shop.dermerklinger.de\/collections\/outdoorkueche\/products\/outdoor-modul-lotti\">\n\t\t\t\t\t\t\t<img loading=\"lazy\" decoding=\"async\" width=\"375\" height=\"384\" src=\"https:\/\/www.dermerklinger.de\/wp-content\/uploads\/2023\/03\/Merklinger_Holzbackofen_Pizzaofen_Outdoorkueche_Modul_Lotti_6Schubladen_04.jpg\" class=\"attachment-large size-large wp-image-28672\" alt=\"\" srcset=\"https:\/\/www.dermerklinger.de\/wp-content\/uploads\/2023\/03\/Merklinger_Holzbackofen_Pizzaofen_Outdoorkueche_Modul_Lotti_6Schubladen_04.jpg 375w, https:\/\/www.dermerklinger.de\/wp-content\/uploads\/2023\/03\/Merklinger_Holzbackofen_Pizzaofen_Outdoorkueche_Modul_Lotti_6Schubladen_04-293x300.jpg 293w, https:\/\/www.dermerklinger.de\/wp-content\/uploads\/2023\/03\/Merklinger_Holzbackofen_Pizzaofen_Outdoorkueche_Modul_Lotti_6Schubladen_04-350x358.jpg 350w\" sizes=\"(max-width: 375px) 100vw, 375px\" \/>\t\t\t\t\t\t\t\t<\/a>\n\t\t\t\t\t\t\t\t\t\t\t\t\t\t\t<\/div>\n\t\t\t\t<\/div>\n\t\t\t\t<div class=\"elementor-element elementor-element-f5757e0 no-p elementor-widget elementor-widget-text-editor\" data-id=\"f5757e0\" data-element_type=\"widget\" data-e-type=\"widget\" data-widget_type=\"text-editor.default\">\n\t\t\t\t<div class=\"elementor-widget-container\">\n\t\t\t\t\t\t\t\t\t<p><strong>Lotti<\/strong><\/p>\t\t\t\t\t\t\t\t<\/div>\n\t\t\t\t<\/div>\n\t\t\t\t<div class=\"elementor-element elementor-element-e72442a no-p elementor-widget elementor-widget-text-editor\" data-id=\"e72442a\" data-element_type=\"widget\" data-e-type=\"widget\" data-widget_type=\"text-editor.default\">\n\t\t\t\t<div class=\"elementor-widget-container\">\n\t\t\t\t\t\t\t\t\t<p>6 Schubladen<\/p>\t\t\t\t\t\t\t\t<\/div>\n\t\t\t\t<\/div>\n\t\t\t\t<\/div>\n\t\t<div class=\"elementor-element elementor-element-58c403f e-con-full e-ecs-flex e-flex e-con e-child\" data-id=\"58c403f\" data-element_type=\"container\" data-e-type=\"container\" data-settings=\"{&quot;ecs_container_type&quot;:&quot;flex&quot;}\">\n\t\t\t\t<div class=\"elementor-element elementor-element-485b0cb elementor-widget elementor-widget-image\" data-id=\"485b0cb\" data-element_type=\"widget\" data-e-type=\"widget\" data-widget_type=\"image.default\">\n\t\t\t\t<div class=\"elementor-widget-container\">\n\t\t\t\t\t\t\t\t\t\t\t\t\t\t\t\t<a href=\"https:\/\/shop.dermerklinger.de\/collections\/outdoorkueche\/products\/outdoor-modul-vroni\">\n\t\t\t\t\t\t\t<img loading=\"lazy\" decoding=\"async\" width=\"375\" height=\"384\" src=\"https:\/\/www.dermerklinger.de\/wp-content\/uploads\/2023\/03\/Merklinger_Holzbackofen_Pizzaofen_Outdoorkueche_Modul_Vroni_05.jpg\" class=\"attachment-large size-large wp-image-28673\" alt=\"\" srcset=\"https:\/\/www.dermerklinger.de\/wp-content\/uploads\/2023\/03\/Merklinger_Holzbackofen_Pizzaofen_Outdoorkueche_Modul_Vroni_05.jpg 375w, https:\/\/www.dermerklinger.de\/wp-content\/uploads\/2023\/03\/Merklinger_Holzbackofen_Pizzaofen_Outdoorkueche_Modul_Vroni_05-293x300.jpg 293w, https:\/\/www.dermerklinger.de\/wp-content\/uploads\/2023\/03\/Merklinger_Holzbackofen_Pizzaofen_Outdoorkueche_Modul_Vroni_05-350x358.jpg 350w\" sizes=\"(max-width: 375px) 100vw, 375px\" \/>\t\t\t\t\t\t\t\t<\/a>\n\t\t\t\t\t\t\t\t\t\t\t\t\t\t\t<\/div>\n\t\t\t\t<\/div>\n\t\t\t\t<div class=\"elementor-element elementor-element-e48fea6 no-p elementor-widget elementor-widget-text-editor\" data-id=\"e48fea6\" data-element_type=\"widget\" data-e-type=\"widget\" data-widget_type=\"text-editor.default\">\n\t\t\t\t<div class=\"elementor-widget-container\">\n\t\t\t\t\t\t\t\t\t<p><strong>Vroni<\/strong><\/p>\t\t\t\t\t\t\t\t<\/div>\n\t\t\t\t<\/div>\n\t\t\t\t<div class=\"elementor-element elementor-element-f8609fb no-p elementor-widget elementor-widget-text-editor\" data-id=\"f8609fb\" data-element_type=\"widget\" data-e-type=\"widget\" data-widget_type=\"text-editor.default\">\n\t\t\t\t<div class=\"elementor-widget-container\">\n\t\t\t\t\t\t\t\t\t<p>2 Schubladen,<br \/><span style=\"color: var( --e-global-color-text ); text-align: var(--text-align); letter-spacing: -0.08px;\">2 T\u00fcren<\/span><\/p>\t\t\t\t\t\t\t\t<\/div>\n\t\t\t\t<\/div>\n\t\t\t\t<\/div>\n\t\t<div class=\"elementor-element elementor-element-14ebc93 e-con-full e-ecs-flex e-flex e-con e-child\" data-id=\"14ebc93\" data-element_type=\"container\" data-e-type=\"container\" data-settings=\"{&quot;ecs_container_type&quot;:&quot;flex&quot;}\">\n\t\t\t\t<div class=\"elementor-element elementor-element-4530995 elementor-widget elementor-widget-image\" data-id=\"4530995\" data-element_type=\"widget\" data-e-type=\"widget\" data-widget_type=\"image.default\">\n\t\t\t\t<div class=\"elementor-widget-container\">\n\t\t\t\t\t\t\t\t\t\t\t\t\t\t\t\t<a href=\"https:\/\/shop.dermerklinger.de\/collections\/outdoorkueche\/products\/outdoor-modul-irmi\">\n\t\t\t\t\t\t\t<img loading=\"lazy\" decoding=\"async\" width=\"375\" height=\"384\" src=\"https:\/\/www.dermerklinger.de\/wp-content\/uploads\/2023\/03\/Merklinger_Holzbackofen_Pizzaofen_Outdoorkueche_Modul_Irmi_06.jpg\" class=\"attachment-large size-large wp-image-28674\" alt=\"\" srcset=\"https:\/\/www.dermerklinger.de\/wp-content\/uploads\/2023\/03\/Merklinger_Holzbackofen_Pizzaofen_Outdoorkueche_Modul_Irmi_06.jpg 375w, https:\/\/www.dermerklinger.de\/wp-content\/uploads\/2023\/03\/Merklinger_Holzbackofen_Pizzaofen_Outdoorkueche_Modul_Irmi_06-293x300.jpg 293w, https:\/\/www.dermerklinger.de\/wp-content\/uploads\/2023\/03\/Merklinger_Holzbackofen_Pizzaofen_Outdoorkueche_Modul_Irmi_06-350x358.jpg 350w\" sizes=\"(max-width: 375px) 100vw, 375px\" \/>\t\t\t\t\t\t\t\t<\/a>\n\t\t\t\t\t\t\t\t\t\t\t\t\t\t\t<\/div>\n\t\t\t\t<\/div>\n\t\t\t\t<div class=\"elementor-element elementor-element-a4c5f4a no-p elementor-widget elementor-widget-text-editor\" data-id=\"a4c5f4a\" data-element_type=\"widget\" data-e-type=\"widget\" data-widget_type=\"text-editor.default\">\n\t\t\t\t<div class=\"elementor-widget-container\">\n\t\t\t\t\t\t\t\t\t<p><strong>Irmi<\/strong><\/p>\t\t\t\t\t\t\t\t<\/div>\n\t\t\t\t<\/div>\n\t\t\t\t<div class=\"elementor-element elementor-element-f0a44f1 no-p elementor-widget elementor-widget-text-editor\" data-id=\"f0a44f1\" data-element_type=\"widget\" data-e-type=\"widget\" data-widget_type=\"text-editor.default\">\n\t\t\t\t<div class=\"elementor-widget-container\">\n\t\t\t\t\t\t\t\t\t<p>3 breite Schubladen<\/p>\t\t\t\t\t\t\t\t<\/div>\n\t\t\t\t<\/div>\n\t\t\t\t<\/div>\n\t\t<div class=\"elementor-element elementor-element-57064aa e-con-full e-ecs-flex e-flex e-con e-child\" data-id=\"57064aa\" data-element_type=\"container\" data-e-type=\"container\" data-settings=\"{&quot;ecs_container_type&quot;:&quot;flex&quot;}\">\n\t\t\t\t<div class=\"elementor-element elementor-element-fa6d626 elementor-widget elementor-widget-image\" data-id=\"fa6d626\" data-element_type=\"widget\" data-e-type=\"widget\" data-widget_type=\"image.default\">\n\t\t\t\t<div class=\"elementor-widget-container\">\n\t\t\t\t\t\t\t\t\t\t\t\t\t\t\t\t<a href=\"https:\/\/shop.dermerklinger.de\/collections\/outdoorkueche\/products\/outdoor-modul-anton\">\n\t\t\t\t\t\t\t<img loading=\"lazy\" decoding=\"async\" width=\"375\" height=\"384\" src=\"https:\/\/www.dermerklinger.de\/wp-content\/uploads\/2023\/03\/Merklinger_Holzbackofen_Pizzaofen_Outdoorkueche_Modul_Anton_07-1.jpg\" class=\"attachment-large size-large wp-image-28675\" alt=\"\" srcset=\"https:\/\/www.dermerklinger.de\/wp-content\/uploads\/2023\/03\/Merklinger_Holzbackofen_Pizzaofen_Outdoorkueche_Modul_Anton_07-1.jpg 375w, https:\/\/www.dermerklinger.de\/wp-content\/uploads\/2023\/03\/Merklinger_Holzbackofen_Pizzaofen_Outdoorkueche_Modul_Anton_07-1-293x300.jpg 293w, https:\/\/www.dermerklinger.de\/wp-content\/uploads\/2023\/03\/Merklinger_Holzbackofen_Pizzaofen_Outdoorkueche_Modul_Anton_07-1-350x358.jpg 350w\" sizes=\"(max-width: 375px) 100vw, 375px\" \/>\t\t\t\t\t\t\t\t<\/a>\n\t\t\t\t\t\t\t\t\t\t\t\t\t\t\t<\/div>\n\t\t\t\t<\/div>\n\t\t\t\t<div class=\"elementor-element elementor-element-2f1b53a no-p elementor-widget elementor-widget-text-editor\" data-id=\"2f1b53a\" data-element_type=\"widget\" data-e-type=\"widget\" data-widget_type=\"text-editor.default\">\n\t\t\t\t<div class=\"elementor-widget-container\">\n\t\t\t\t\t\t\t\t\t<p><strong>Anton<\/strong><\/p>\t\t\t\t\t\t\t\t<\/div>\n\t\t\t\t<\/div>\n\t\t\t\t<div class=\"elementor-element elementor-element-6ba2a30 no-p elementor-widget elementor-widget-text-editor\" data-id=\"6ba2a30\" data-element_type=\"widget\" data-e-type=\"widget\" data-widget_type=\"text-editor.default\">\n\t\t\t\t<div class=\"elementor-widget-container\">\n\t\t\t\t\t\t\t\t\t<p>2 T\u00fcren,<br \/><span style=\"color: var( --e-global-color-text ); text-align: var(--text-align); letter-spacing: -0.08px;\">1 Ablage<\/span><\/p>\t\t\t\t\t\t\t\t<\/div>\n\t\t\t\t<\/div>\n\t\t\t\t<\/div>\n\t\t<div class=\"elementor-element elementor-element-5d58542 e-con-full e-ecs-flex e-flex e-con e-child\" data-id=\"5d58542\" data-element_type=\"container\" data-e-type=\"container\" data-settings=\"{&quot;ecs_container_type&quot;:&quot;flex&quot;}\">\n\t\t\t\t<div class=\"elementor-element elementor-element-b0a512f elementor-widget elementor-widget-image\" data-id=\"b0a512f\" data-element_type=\"widget\" data-e-type=\"widget\" data-widget_type=\"image.default\">\n\t\t\t\t<div class=\"elementor-widget-container\">\n\t\t\t\t\t\t\t\t\t\t\t\t\t\t\t\t<a href=\"https:\/\/shop.dermerklinger.de\/collections\/outdoorkueche\/products\/outdoor-modul-eva\">\n\t\t\t\t\t\t\t<img loading=\"lazy\" decoding=\"async\" width=\"375\" height=\"384\" src=\"https:\/\/www.dermerklinger.de\/wp-content\/uploads\/2023\/03\/Merklinger_Holzbackofen_Pizzaofen_Outdoorkueche_Modul_Eva_08.jpg\" class=\"attachment-large size-large wp-image-28676\" alt=\"\" srcset=\"https:\/\/www.dermerklinger.de\/wp-content\/uploads\/2023\/03\/Merklinger_Holzbackofen_Pizzaofen_Outdoorkueche_Modul_Eva_08.jpg 375w, https:\/\/www.dermerklinger.de\/wp-content\/uploads\/2023\/03\/Merklinger_Holzbackofen_Pizzaofen_Outdoorkueche_Modul_Eva_08-293x300.jpg 293w, https:\/\/www.dermerklinger.de\/wp-content\/uploads\/2023\/03\/Merklinger_Holzbackofen_Pizzaofen_Outdoorkueche_Modul_Eva_08-350x358.jpg 350w\" sizes=\"(max-width: 375px) 100vw, 375px\" \/>\t\t\t\t\t\t\t\t<\/a>\n\t\t\t\t\t\t\t\t\t\t\t\t\t\t\t<\/div>\n\t\t\t\t<\/div>\n\t\t\t\t<div class=\"elementor-element elementor-element-791a69c no-p elementor-widget elementor-widget-text-editor\" data-id=\"791a69c\" data-element_type=\"widget\" data-e-type=\"widget\" data-widget_type=\"text-editor.default\">\n\t\t\t\t<div class=\"elementor-widget-container\">\n\t\t\t\t\t\t\t\t\t<p><strong>Eva<\/strong><\/p>\t\t\t\t\t\t\t\t<\/div>\n\t\t\t\t<\/div>\n\t\t\t\t<div class=\"elementor-element elementor-element-3cb5503 no-p elementor-widget elementor-widget-text-editor\" data-id=\"3cb5503\" data-element_type=\"widget\" data-e-type=\"widget\" data-widget_type=\"text-editor.default\">\n\t\t\t\t<div class=\"elementor-widget-container\">\n\t\t\t\t\t\t\t\t\t<p>2 Schubladen<br \/><span style=\"color: var( --e-global-color-text ); text-align: var(--text-align); letter-spacing: -0.08px;\">1 Ablage<\/span><\/p>\t\t\t\t\t\t\t\t<\/div>\n\t\t\t\t<\/div>\n\t\t\t\t<\/div>\n\t\t<div class=\"elementor-element elementor-element-c517ae1 e-con-full e-ecs-flex e-flex e-con e-child\" data-id=\"c517ae1\" data-element_type=\"container\" data-e-type=\"container\" data-settings=\"{&quot;ecs_container_type&quot;:&quot;flex&quot;}\">\n\t\t\t\t<div class=\"elementor-element elementor-element-7cf11a9 elementor-widget elementor-widget-image\" data-id=\"7cf11a9\" data-element_type=\"widget\" data-e-type=\"widget\" data-widget_type=\"image.default\">\n\t\t\t\t<div class=\"elementor-widget-container\">\n\t\t\t\t\t\t\t\t\t\t\t\t\t\t\t\t<a href=\"https:\/\/shop.dermerklinger.de\/collections\/outdoorkueche\/products\/outdoor-modul-otto\">\n\t\t\t\t\t\t\t<img loading=\"lazy\" decoding=\"async\" width=\"375\" height=\"384\" src=\"https:\/\/www.dermerklinger.de\/wp-content\/uploads\/2023\/03\/Merklinger_Holzbackofen_Pizzaofen_Outdoorkueche_Modul_Otto_09.jpg\" class=\"attachment-large size-large wp-image-28677\" alt=\"\" srcset=\"https:\/\/www.dermerklinger.de\/wp-content\/uploads\/2023\/03\/Merklinger_Holzbackofen_Pizzaofen_Outdoorkueche_Modul_Otto_09.jpg 375w, https:\/\/www.dermerklinger.de\/wp-content\/uploads\/2023\/03\/Merklinger_Holzbackofen_Pizzaofen_Outdoorkueche_Modul_Otto_09-293x300.jpg 293w, https:\/\/www.dermerklinger.de\/wp-content\/uploads\/2023\/03\/Merklinger_Holzbackofen_Pizzaofen_Outdoorkueche_Modul_Otto_09-350x358.jpg 350w\" sizes=\"(max-width: 375px) 100vw, 375px\" \/>\t\t\t\t\t\t\t\t<\/a>\n\t\t\t\t\t\t\t\t\t\t\t\t\t\t\t<\/div>\n\t\t\t\t<\/div>\n\t\t\t\t<div class=\"elementor-element elementor-element-c53ee78 no-p elementor-widget elementor-widget-text-editor\" data-id=\"c53ee78\" data-element_type=\"widget\" data-e-type=\"widget\" data-widget_type=\"text-editor.default\">\n\t\t\t\t<div class=\"elementor-widget-container\">\n\t\t\t\t\t\t\t\t\t<p><strong>Otto<\/strong><\/p>\t\t\t\t\t\t\t\t<\/div>\n\t\t\t\t<\/div>\n\t\t\t\t<div class=\"elementor-element elementor-element-7a10ee0 no-p elementor-widget elementor-widget-text-editor\" data-id=\"7a10ee0\" data-element_type=\"widget\" data-e-type=\"widget\" data-widget_type=\"text-editor.default\">\n\t\t\t\t<div class=\"elementor-widget-container\">\n\t\t\t\t\t\t\t\t\t<p>Offen,<br \/>1 Ablage<\/p>\t\t\t\t\t\t\t\t<\/div>\n\t\t\t\t<\/div>\n\t\t\t\t<\/div>\n\t\t\t\t\t<\/div>\n\t\t\t\t<\/div>\n\t\t\t\t\t<\/div>\n\t\t\t\t<\/div>\n\t\t<div class=\"elementor-element elementor-element-c198d24 e-ecs-flex e-flex e-con-boxed e-con e-parent\" data-id=\"c198d24\" data-element_type=\"container\" data-e-type=\"container\" data-settings=\"{&quot;ecs_container_type&quot;:&quot;flex&quot;}\">\n\t\t\t\t\t<div class=\"e-con-inner\">\n\t\t\t\t<div class=\"elementor-element elementor-element-05e722d elementor-align-center no-a elementor-widget__width-initial elementor-widget elementor-widget-button\" data-id=\"05e722d\" data-element_type=\"widget\" data-e-type=\"widget\" data-widget_type=\"button.default\">\n\t\t\t\t<div class=\"elementor-widget-container\">\n\t\t\t\t\t\t\t\t\t<div class=\"elementor-button-wrapper\">\n\t\t\t\t\t<a class=\"elementor-button elementor-button-link elementor-size-sm\" href=\"https:\/\/shop.dermerklinger.de\/collections\/outdoorkueche\">\n\t\t\t\t\t\t<span class=\"elementor-button-content-wrapper\">\n\t\t\t\t\t\t\t\t\t<span class=\"elementor-button-text\">Jetzt Shoppen<\/span>\n\t\t\t\t\t<\/span>\n\t\t\t\t\t<\/a>\n\t\t\t\t<\/div>\n\t\t\t\t\t\t\t\t<\/div>\n\t\t\t\t<\/div>\n\t\t\t\t\t<\/div>\n\t\t\t\t<\/div>\n\t\t\t\t<\/div>\n\t\t","protected":false},"excerpt":{"rendered":"<p>Die Merklinger Outdoork\u00fcche Wir lieben Outdoor! Spontan und frei drau\u00dfen vorbereiten, kochen und genie\u00dfen. Mit unserer neuen modularen Outdoork\u00fcche kannst du noch mehr Zeit mit deinen Liebsten drau\u00dfen verbringen und hast alles griffbereit.&nbsp;Sei es dein Zubeh\u00f6r zum Brot backen, sauber verstaut in unseren Schubladen, dein Holz sicher verwahrt im Schrank, ein k\u00fchles Getr\u00e4nk im K\u00fchlschrank, [&hellip;]<\/p>\n","protected":false},"author":1,"featured_media":0,"parent":0,"menu_order":0,"comment_status":"closed","ping_status":"closed","template":"","meta":{"_acf_changed":false,"footnotes":""},"class_list":["post-28510","page","type-page","status-publish","hentry"],"acf":[],"publishpress_future_workflow_manual_trigger":{"enabledWorkflows":[]},"_links":{"self":[{"href":"https:\/\/www.dermerklinger.de\/en\/wp-json\/wp\/v2\/pages\/28510","targetHints":{"allow":["GET"]}}],"collection":[{"href":"https:\/\/www.dermerklinger.de\/en\/wp-json\/wp\/v2\/pages"}],"about":[{"href":"https:\/\/www.dermerklinger.de\/en\/wp-json\/wp\/v2\/types\/page"}],"author":[{"embeddable":true,"href":"https:\/\/www.dermerklinger.de\/en\/wp-json\/wp\/v2\/users\/1"}],"replies":[{"embeddable":true,"href":"https:\/\/www.dermerklinger.de\/en\/wp-json\/wp\/v2\/comments?post=28510"}],"version-history":[{"count":5,"href":"https:\/\/www.dermerklinger.de\/en\/wp-json\/wp\/v2\/pages\/28510\/revisions"}],"predecessor-version":[{"id":40667,"href":"https:\/\/www.dermerklinger.de\/en\/wp-json\/wp\/v2\/pages\/28510\/revisions\/40667"}],"wp:attachment":[{"href":"https:\/\/www.dermerklinger.de\/en\/wp-json\/wp\/v2\/media?parent=28510"}],"curies":[{"name":"wp","href":"https:\/\/api.w.org\/{rel}","templated":true}]}}